{"id":969,"date":"2021-05-28T11:41:44","date_gmt":"2021-05-28T09:41:44","guid":{"rendered":"https:\/\/www.turnmytree.com\/?page_id=969"},"modified":"2021-09-13T16:42:15","modified_gmt":"2021-09-13T14:42:15","slug":"gdpr","status":"publish","type":"page","link":"https:\/\/www.turnmytree.com\/hu\/gdpr\/","title":{"rendered":"GDPR"},"content":{"rendered":"<p>A SZEM\u00c9LYES ADATOK V\u00c9DELME \u00c9S COOKIES T\u00c1J\u00c9KOZTAT\u00c1S<br \/>\n\/ A szem\u00e9lyes adatok v\u00e9delm\u00e9nek alapelvei \u00e9s t\u00e1j\u00e9koztat\u00e1s<br \/>\namelyet az adatkezel\u0151 az \u00e9rintettnek ny\u00fajt az \u00e9rintett szem\u00e9lyes adatai megszerz\u00e9sekor, valamint a www.turnmytree.com\u00a0web\u00e1ruh\u00e1z cookies t\u00e1j\u00e9koztat\u00e1sa\/<\/p>\n<p>I. Adatkezel\u0151<\/p>\n<p>1.1. Az adatkezel\u0151 azonos\u00edt\u00e1sa \u00e9s el\u00e9rhet\u0151s\u00e9gei:<\/p>\n<p>C\u00e9gn\u00e9v: Quantensprung s.r.o.Sz\u00e9khely: Al\u017ebetina 2, Ko\u0161ice &#8211; mestsk\u00e1 \u010das\u0165 Star\u00e9 Mesto 040 01, Szlov\u00e1k K\u00f6zt\u00e1rsas\u00e1g<br \/>\nBejegyezve a Kassa I. J\u00e1r\u00e1sb\u00edr\u00f3s\u00e1g C\u00e9gjegyz\u00e9k\u00e9be, szakasz: Sro, Bet\u00e9t sz.: 45725\/V<br \/>\nStat. sz.: 36 671 967<br \/>\nAd\u00f3sz\u00e1m: 2022249416<br \/>\nSK2022249416<br \/>\nBanksz\u00e1mlasz\u00e1m: SK42 1100 0000 0029 4908 5898<\/p>\n<p>1.2 Az Adatkezel\u0151 el\u00e9rhet\u0151s\u00e9gei:<br \/>\nEmail: marketing@turnmytree.com<br \/>\nTel. sz.: +421 911 383 071<\/p>\n<p>1.3 Az Adatkezel\u0151 ezzel az Eur\u00f3pai Parlament \u00e9s Tan\u00e1cs (EU) 2016. m\u00e1jus 27-\u00e9n kelt 2016\/679 sz. rendelet\u00e9nek 13. cikke 1. \u00e9s 2. bekezd\u00e9s\u00e9vel \u00f6sszhangban, a term\u00e9szetes szem\u00e9lyeknek a szem\u00e9lyes adatok kezel\u00e9se tekintet\u00e9ben t\u00f6rt\u00e9n\u0151 v\u00e9delm\u00e9r\u0151l \u00e9s az ilyen adatok szabad \u00e1raml\u00e1s\u00e1r\u00f3l, valamint az \u00e1ltal\u00e1nos adatv\u00e9delmi rendelet 95\/46\/EK hat\u00e1lyon k\u00edv\u00fcl helyez\u00e9s\u00e9r\u0151l (tov\u00e1bbiakban \u201eRendelet\u201d), az \u00c9rintettnek, akinek az Adatkezel\u0151 a r\u00e1 vonatkoz\u00f3 szem\u00e9lyes adatait megszerzi, az al\u00e1bbi t\u00e1j\u00e9koztat\u00e1st \u00e9s magyar\u00e1zatot adja:<\/p>\n<p>II. Hivatkoz\u00e1sok<\/p>\n<p>2.1 A szem\u00e9lyes adatok v\u00e9delm\u00e9nek jelen alapelvei \u00e9s t\u00e1j\u00e9koztat\u00e1s az Elad\u00f3 web\u00e1ruh\u00e1z\u00e1ban k\u00f6zz\u00e9tett \u00c1ltal\u00e1nos Szerz\u0151d\u00e9si Felt\u00e9telek r\u00e9sz\u00e9t k\u00e9pezik.<br \/>\n2.2. A T.t. 102\/2014 sz. t\u00f6rv\u00e9ny 3 \u00a7 1. bek. n) pontja \u00e9rtelm\u00e9ben az Elad\u00f3 t\u00e1j\u00e9koztatja a fogyaszt\u00f3t, hogy nem l\u00e9tezik semmilyen olyan vonatkoz\u00f3 speci\u00e1lis magatart\u00e1si k\u00f3dex, amelynek betart\u00e1s\u00e1t az Elad\u00f3 v\u00e1llalta.<\/p>\n<p>III. A szem\u00e9lyes adatok v\u00e9delme \u00e9s a cookies haszn\u00e1lata A cookies f\u00e1jlokr\u00f3l sz\u00f3l\u00f3 t\u00e1j\u00e9koztat\u00e1s \u00e9s magyar\u00e1zat<br \/>\n3.1 Az elektronikus kommunik\u00e1ci\u00f3 sor\u00e1n az EU mag\u00e1n\u00e9let v\u00e9delm\u00e9r\u0151l sz\u00f3l\u00f3 ir\u00e1nyelv\u00e9vel \u00f6sszef\u00fcgg\u00e9sben, az Adatkezel\u0151 az al\u00e1bbi r\u00f6vid magyar\u00e1zatot adja a cookies funkci\u00f3j\u00e1r\u00f3l:<br \/>\n3.1.1 A cookies f\u00e1jlok olyan sz\u00f6veges f\u00e1jlok, amelyek kis mennyis\u00e9g\u0171 inform\u00e1ci\u00f3t tartalmaznak, amelyek a honlap megl\u00e1togat\u00e1sakor az oldal b\u00f6ng\u00e9sz\u00e9s\u00e9hez haszn\u00e1lt sz\u00e1m\u00edt\u00f3g\u00e9p\u00e9be, mobilj\u00e1ba vagy m\u00e1s k\u00e9sz\u00fcl\u00e9k\u00e9be, elektronikus k\u00e9sz\u00fcl\u00e9k\u00e9be let\u00f6lt\u0151dnek.<br \/>\nA cookies f\u00e1jlok hasznosak, mivel nemcsak azt teszik lehet\u0151v\u00e9, hogy az internetes oldal felismerje a felhaszn\u00e1l\u00f3 k\u00e9sz\u00fcl\u00e9k\u00e9t, hanem egy\u00fattal a felhaszn\u00e1l\u00f3nak hozz\u00e1f\u00e9r\u00e9st is ny\u00fajt az oldal funkci\u00f3ihoz.<br \/>\nAlapvet\u0151en a cookies f\u00e1jlok k\u00e9t t\u00edpus\u00e1t k\u00fcl\u00f6nb\u00f6ztetj\u00fck meg.<br \/>\nTart\u00f3s cookies f\u00e1jlok \u2013 ezek a cookies f\u00e1jlok a felhaszn\u00e1l\u00f3 k\u00e9sz\u00fcl\u00e9k\u00e9ben maradnak a cookies f\u00e1jlban megadott id\u0151tartamig. Valah\u00e1nyszor a felhaszn\u00e1l\u00f3 megl\u00e1togatja a weboldalt, amely az adott cookiest l\u00e9trehozta, a cookie f\u00e1jl aktiv\u00e1l\u00f3dik.<br \/>\nRel\u00e1ci\u00f3s cookies f\u00e1jlok \u2013 ezek a f\u00e1jlok lehet\u0151v\u00e9 teszik a weboldal \u00fczemeltet\u0151je sz\u00e1m\u00e1ra, hogy \u00f6sszek\u00f6sse a felhaszn\u00e1l\u00f3 aktivit\u00e1s\u00e1t, amikor a felhaszn\u00e1l\u00f3 megnyitja a b\u00f6ng\u00e9sz\u0151 ablak\u00e1t, \u00e9s a b\u00f6ng\u00e9sz\u0151 ablak\u00e1nak bez\u00e1r\u00e1sakor v\u00e9gez. A rel\u00e1ci\u00f3s cookies f\u00e1jlok ideiglenesek. A b\u00f6ng\u00e9sz\u0151 bez\u00e1r\u00e1sakor minden rel\u00e1ci\u00f3s cookies f\u00e1jl kit\u00f6rl\u0151dik.<br \/>\n3.2 A cookies f\u00e1jlok magyar\u00e1zata<br \/>\n3.2.1 A cookies f\u00e1jl egy kis sz\u00f6veges f\u00e1jl, amelyet a webhely a sz\u00e1m\u00edt\u00f3g\u00e9p\u00e9ben vagy mobilk\u00e9sz\u00fcl\u00e9k\u00e9ben a b\u00f6ng\u00e9sz\u00e9s sor\u00e1n elhelyez. Ennek a f\u00e1jlnak a seg\u00edts\u00e9g\u00e9vel a webhely bizonyos ideig meg\u0151rzi az \u00f6n l\u00e9p\u00e9seir\u0151l \u00e9s preferenci\u00e1ir\u00f3l sz\u00f3l\u00f3 inform\u00e1ci\u00f3kat (mint a bejelentkez\u00e9si n\u00e9v, a nyelv, a bet\u0171m\u00e9ret \u00e9s egy\u00e9b k\u00e9perny\u0151be\u00e1ll\u00edt\u00e1sok), \u00edgy a webhely legk\u00f6zelebbi megl\u00e1togat\u00e1sakor vagy b\u00f6ng\u00e9sz\u00e9sekor ezeket nem kell ism\u00e9telten megadnia.<br \/>\n3.3 T\u00e1j\u00e9koztat\u00e1s a cookies f\u00e1jlokr\u00f3l<br \/>\n3.3.1 Az adatkezel\u0151 internetes dom\u00e9nje az al\u00e1bbiak meg\u0151rz\u00e9se \u00e9rdek\u00e9ben haszn\u00e1l cookies f\u00e1jlokat:<br \/>\n3.3.1.1 az \u00f6n megjelen\u00edt\u00e9si preferenci\u00e1it, mint p\u00e9ld\u00e1ul a sz\u00ednkontrasztok vagy bet\u0171m\u00e9ret;<br \/>\n3.3.1.2 a t\u00e9nyt, hogy m\u00e1r v\u00e1laszolt az \u00f6n\u00e1ll\u00f3 (pop-up) ablakban megjelen\u0151 felm\u00e9r\u00e9sre, amely seg\u00edts\u00e9g\u00e9vel kifejezheti a v\u00e9lem\u00e9ny\u00e9t az oldal tartalm\u00e1r\u00f3l (nem jelenik meg ism\u00e9telten);<br \/>\n3.3.1.3. a t\u00e9nyt, hogy hozz\u00e1j\u00e1rult (vagy nem j\u00e1rult hozz\u00e1) ahhoz, hogy ezen a webhelyen cookies f\u00e1jlokat alkalmazzunk.<br \/>\n3.3.1.4.Remarketing<br \/>\n3.3.1.5.Pixel<br \/>\nAz Adatkezel\u0151 oldalait k\u00e9pez\u0151 egyes aloldalak a cookies f\u00e1jlokat a statisztikai adatok anonim gy\u0171jt\u00e9s\u00e9re haszn\u00e1lj\u00e1k arr\u00f3l, hogy ki a weboldalunkra vezet\u0151 hivatkoz\u00e1s forr\u00e1sa, \u00e9s milyen form\u00e1ban jutott el \u00f6n a weboldalunkra.<br \/>\nA cookies f\u00e1jlok enged\u00e9lyez\u00e9se nem felt\u00e9tlen\u00fcl sz\u00fcks\u00e9ges a webhely megfelel\u0151 m\u0171k\u00f6d\u00e9s\u00e9hez, azonban jobb felhaszn\u00e1l\u00f3i k\u00e9nyelmet ny\u00fajt \u00f6nnek a munk\u00e1n\u00e1l. A cookie f\u00e1jlokat t\u00f6r\u00f6lheti vagy blokkolhatja.<br \/>\nA cookie f\u00e1jlokban elmentett inform\u00e1ci\u00f3kat nem haszn\u00e1ljuk az \u00f6n szem\u00e9lyes azonos\u00edt\u00e1s\u00e1ra, \u00e9s az adatok strukt\u00far\u00e1ja az ellen\u0151rz\u00e9s\u00fcnk alatt \u00e1ll. A cookie f\u00e1jlokat nem haszn\u00e1ljuk egy\u00e9b, ebben a sz\u00f6vegben nem felt\u00fcntetett c\u00e9lokra. Egyes oldalaink vagy aloldalaink kieg\u00e9sz\u00edt\u0151, vagy a fenti sz\u00f6vegt\u0151l elt\u00e9r\u0151 cookies f\u00e1jlokat haszn\u00e1lhatnak. Ilyen esetben az adott oldalon k\u00fcl\u00f6n \u00e9rtes\u00edt\u00e9sben ny\u00fajtunk t\u00e1j\u00e9koztat\u00e1st az adott cookies f\u00e1jlokr\u00f3l \u00e9s a felhaszn\u00e1l\u00e1suk r\u00e9szleteir\u0151l.<br \/>\n3.4 Hogyan ellen\u0151rizhet\u0151k a cookies f\u00e1jlok<\/p>\n<p>3.4.1 A cookies f\u00e1jlok saj\u00e1t bel\u00e1t\u00e1sa szerint ellen\u0151rizhet\u0151k \u00e9s\/vagy t\u00f6r\u00f6lhet\u0151k, a r\u00e9szletekr\u0151l az aboutcookies.org oldalon t\u00e1j\u00e9koz\u00f3dhat. A sz\u00e1m\u00edt\u00f3g\u00e9p\u00e9ben tal\u00e1lhat\u00f3 \u00f6sszes cookies f\u00e1jlt kit\u00f6r\u00f6lheti, \u00e9s a b\u00f6ng\u00e9sz\u0151k t\u00f6bbs\u00e9ge be\u00e1ll\u00edthat\u00f3, hogy megakad\u00e1lyozza a ment\u00e9s\u00fcket. Ilyen esetben azonban val\u00f3sz\u00edn\u0171leg a webhely minden egyes megl\u00e1togat\u00e1sakor manu\u00e1lisan kell majd megadni az egyes be\u00e1ll\u00edt\u00e1sokat.<\/p>\n<p>IV. A kezelt szem\u00e9lyes adatok<\/p>\n<p>4.1 Az Adatkezel\u0151 az oldal\u00e1n az al\u00e1bbi szem\u00e9lyes adatokat kezeli: vezet\u00e9k- \u00e9s ut\u00f3n\u00e9v, lakhely, e-mail c\u00edm, telefonsz\u00e1m, a cookies f\u00e1jlokb\u00f3l szerzett adatok, IP c\u00edmek.<\/p>\n<p>V. A szem\u00e9lyes adatok gy\u0171jt\u00e9s\u00e9\u00e9rt \u00e9s kezel\u00e9s\u00e9\u00e9rt felel\u0151s szem\u00e9ly el\u00e9rhet\u0151s\u00e9gi adatai, az adatkezel\u0151 k\u00e9pvisel\u0151je<\/p>\n<p>5.1 Az Adatkezel\u0151 nem jel\u00f6lt ki olyan szem\u00e9lyt, aki a szem\u00e9lyes adatok gy\u0171jt\u00e9s\u00e9\u00e9rt \u00e9s kezel\u00e9s\u00e9\u00e9rt felel.<\/p>\n<p>5.2 Az Adatkezel\u0151 nem jel\u00f6lte ki a k\u00e9pvisel\u0151j\u00e9t, aki a szem\u00e9lyes adatok gy\u0171jt\u00e9se \u00e9s kezel\u00e9se t\u00e1rgy\u00e1ban felel.<\/p>\n<p>5.3 Az Adatkezel\u0151 egy\u00fattal Elad\u00f3 is, ennek a webhelynek az \u00c1ltal\u00e1nos Szerz\u0151d\u00e9si Felt\u00e9teleiben meghat\u00e1rozott fogalom \u00e9rtelm\u00e9ben.<\/p>\n<p>VI. Az \u00c9rintett szem\u00e9lyes adatai kezel\u00e9s\u00e9nek c\u00e9lja<\/p>\n<p>6.1 Az \u00c9rintett szem\u00e9lyes adatai kezel\u00e9s\u00e9nek c\u00e9lja k\u00fcl\u00f6n\u00f6sen:<\/p>\n<p>6.1.2 az \u00fcgyfelek adatainak \u00e9s a szerz\u0151d\u00e9sek nyilv\u00e1ntart\u00e1sa, l\u00e9trehoz\u00e1sa \u00e9s feldolgoz\u00e1sa, harmadik szem\u00e9lyekkel val\u00f3 szerz\u0151d\u00e9sk\u00f6t\u00e9s c\u00e9ljaira<\/p>\n<p>6.1.3 az Adatkezel\u0151 \u00fczleti tev\u00e9kenys\u00e9g\u00e9vel \u00f6sszef\u00fcgg\u0151 sz\u00e1mviteli dokumentumok \u00e9s iratok kezel\u00e9se<\/p>\n<p>6.1.4 a dokumentumok \u00e9s iratok archiv\u00e1l\u00e1s\u00e1val \u00f6sszef\u00fcgg\u0151 jogszab\u00e1lyok betart\u00e1sa pl. a m\u00f3dos\u00edtott T.t. 431\/2002 sz. Sz\u00e1mviteli t\u00f6rv\u00e9nnyel \u00e9s tov\u00e1bbi vonatkoz\u00f3 el\u0151\u00edr\u00e1ssal \u00f6sszhangban<\/p>\n<p>6.1.4 az Adatkezel\u0151 marketing \u00e9s hasonl\u00f3 jelleg\u0171 rekl\u00e1mtev\u00e9kenys\u00e9ge<\/p>\n<p>6.1.5 az Adatkezel\u0151 szoci\u00e1lis h\u00e1l\u00f3kon v\u00e9gzett tev\u00e9kenys\u00e9g\u00e9vel \u00f6sszef\u00fcgg\u0151 tev\u00e9kenys\u00e9gek, p\u00e9ld\u00e1ul: Facebook, Instagram, Twitter stb.<\/p>\n<p>6.1.6 az Adatkezel\u0151 internetes tev\u00e9kenys\u00e9g\u00e9vel \u00f6sszef\u00fcgg\u0151 tev\u00e9kenys\u00e9g, mint amilyenek p\u00e9ld\u00e1ul a c\u00e9lzott rekl\u00e1mok a Facebook Ads, Google Ads stb. seg\u00edts\u00e9g\u00e9vel<\/p>\n<p>6.1.7 az Adatkezel\u0151 tev\u00e9kenys\u00e9ge az \u00c9rintett k\u00e9rv\u00e9nye, megrendel\u00e9se, szerz\u0151d\u00e9se teljes\u00edt\u00e9s\u00e9vel \u00e9s hasonl\u00f3 \u00fcgyeivel \u00f6sszef\u00fcgg\u00e9sben.<br \/>\nVII. Az \u00c9rintett szem\u00e9lyes adatai kezel\u00e9s\u00e9nek jogalapja<\/p>\n<p>7.1 Az \u00c9rintettek szem\u00e9lyes adatai kezel\u00e9s\u00e9nek jogalapja, a konkr\u00e9tan kezelt szem\u00e9lyes adatokt\u00f3l \u00e9s az adatkezel\u00e9s c\u00e9lj\u00e1t\u00f3l f\u00fcgg\u0151en, az \u00c9rintett hozz\u00e1j\u00e1rul\u00e1sa a szem\u00e9lyes adatai kezel\u00e9s\u00e9hez.<\/p>\n<p>VIII. A szem\u00e9lyes adatok c\u00edmzettjei vagy c\u00edmzett kateg\u00f3ri\u00e1i<\/p>\n<p>8.1 Az \u00c9rintett szem\u00e9lyes adatainak c\u00edmzettje az al\u00e1bbiak lesznek vagy lehetnek:<\/p>\n<p>8.1.1 az Adatkezel\u0151 hivatalos k\u00e9pvisel\u0151szervei vagy azok tagjai<\/p>\n<p>8.1.2 az Adatkezel\u0151n\u00e9l munkav\u00e1llal\u00f3i vagy hasonl\u00f3 jogviszony alapj\u00e1n munkatev\u00e9kenys\u00e9get v\u00e9gz\u0151 szem\u00e9lyek<\/p>\n<p>8.1.3 az Adatkezel\u0151 kereskedelmi k\u00e9pvisel\u0151i \u00e9s az Adatkezel\u0151vel az Adatkezel\u0151 feladatai teljes\u00edt\u00e9se k\u00f6zben egy\u00fcttm\u0171k\u00f6d\u0151 tov\u00e1bbi szem\u00e9lyek. Jelen dokumentum c\u00e9ljaira az Adatkezel\u0151 munkav\u00e1llal\u00f3inak mindazok a term\u00e9szetes szem\u00e9lyek tekintend\u0151k, akik az Adatkezel\u0151 sz\u00e1m\u00e1ra munkaszerz\u0151d\u00e9sen vagy munkaviszonyon k\u00edv\u00fcli munk\u00e1kr\u00f3l sz\u00f3l\u00f3 meg\u00e1llapod\u00e1son alapul\u00f3 munk\u00e1t v\u00e9geznek.<\/p>\n<p>8.1.4 Az \u00c9rintett szem\u00e9lyes adatai c\u00edmzettjei az Adatkezel\u0151 munkat\u00e1rsai is, az \u00fczleti partnerei, a sz\u00e1ll\u00edt\u00f3i \u00e9s szerz\u0151d\u00e9ses partnerei, k\u00fcl\u00f6n\u00f6sen: a k\u00f6nyvel\u0151c\u00e9g, a szoftver l\u00e9trehoz\u00e1s\u00e1val \u00e9s karbantart\u00e1s\u00e1val \u00f6sszef\u00fcgg\u0151 szolg\u00e1ltat\u00e1sokat ny\u00fajt\u00f3 t\u00e1rsas\u00e1g, az adatkezel\u0151 sz\u00e1m\u00e1ra jogi szolg\u00e1ltat\u00e1sokat ny\u00fajt\u00f3 t\u00e1rsas\u00e1g, adatkezel\u0151 sz\u00e1m\u00e1ra szolg\u00e1ltat\u00e1sokat tan\u00e1csad\u00e1st ny\u00fajt\u00f3 t\u00e1rsas\u00e1g, a term\u00e9kek vev\u0151k \u00e9s harmadik szem\u00e9lyek sz\u00e1m\u00e1ra megval\u00f3sul\u00f3 fuvaroz\u00e1s\u00e1t \u00e9s k\u00e9zbes\u00edt\u00e9s\u00e9t v\u00e9gz\u0151 t\u00e1rsas\u00e1gok, marketingv\u00e1llalatok, a szoci\u00e1lis h\u00e1l\u00f3kat m\u0171k\u00f6dtet\u0151 t\u00e1rsas\u00e1gok.<\/p>\n<p>8.1.5 A szem\u00e9lyes adatok c\u00edmzettjei lesznek a b\u00edr\u00f3s\u00e1gok \u00e9s a b\u0171n\u00fcld\u00f6z\u0151 szervek, az ad\u00f3hivatal \u00e9s tov\u00e1bbi \u00e1llamigazgat\u00e1si szervek, amennyiben err\u0151l a t\u00f6rv\u00e9ny hat\u00e1roz. Mik\u00f6zben a szem\u00e9lyes adatokat az Adatkezel\u0151 a fenti hivataloknak \u00e9s \u00e1llami szervezeteknek a Szlov\u00e1k K\u00f6zt\u00e1rsas\u00e1g jogi el\u0151\u00edr\u00e1saival \u00f6sszhangban adja \u00e1t.<\/p>\n<p>IX. A szem\u00e9lyes adatok harmadik orsz\u00e1gba val\u00f3 ny\u00fajt\u00e1s\u00e1r\u00f3l \u00e9s t\u00e1rol\u00e1si idej\u00fckr\u0151l sz\u00f3l\u00f3 inform\u00e1ci\u00f3:<\/p>\n<p>9.1 Nem \u00e9rv\u00e9nyes\u00fcl, az Adatkezel\u0151 a szem\u00e9lyes adatokat nem tov\u00e1bb\u00edtja harmadik orsz\u00e1gokba.<\/p>\n<p>9.2 A szem\u00e9lyes adatokat a jogszab\u00e1lyokkal \u00f6sszhangban az ahhoz sz\u00fcks\u00e9ges id\u0151tartamra \u0151rzik meg, ami a szerz\u0151d\u00e9s teljes\u00edt\u00e9s\u00e9nek \u00e9s az azt k\u00f6vet\u0151 archiv\u00e1l\u00e1s c\u00e9ljaira sz\u00fcks\u00e9ges.<\/p>\n<p>X. Az \u00c9rintett relev\u00e1ns jogainak l\u00e9tez\u00e9s\u00e9r\u0151l sz\u00f3l\u00f3 t\u00e1j\u00e9koztat\u00e1s:<\/p>\n<p>10.1 Az \u00c9rintett egyebek mellett az al\u00e1bbi relev\u00e1ns jogokkal rendelkezik, mik\u00f6zben:<\/p>\n<p>10.1.1 A 10.1 ponttal nem \u00e9rintettek az \u00c9rintettek tov\u00e1bbi jogai.<\/p>\n<p>10.1.2 Az \u00c9rintett adatokhoz val\u00f3 hozz\u00e1f\u00e9r\u00e9si joga a Rendelet 15. cikk\u00e9vel \u00f6sszhangban, amelynek tartalma:<\/p>\n<p>joga van arra, hogy az Adatkezel\u0151t\u0151l visszajelz\u00e9st kapjon arra vonatkoz\u00f3an, hogy szem\u00e9lyes adatainak kezel\u00e9se folyamatban van-e, \u00e9s ha igen, milyen m\u00e9rt\u00e9kben. Egy\u00fattal, ha adatkezel\u00e9s folyamatban van, joga van megtudni annak tartalm\u00e1t \u00e9s inform\u00e1ci\u00f3kat szerezni az Adatkezel\u0151t\u0151l az adatkezel\u00e9s indok\u00e1r\u00f3l, k\u00fcl\u00f6n\u00f6sen az al\u00e1bbiak tekintet\u00e9ben: Az adatkezel\u00e9s c\u00e9lja, az \u00e9rintett szem\u00e9lyes adatok kateg\u00f3ri\u00e1i, azon c\u00edmzettek vagy c\u00edmzettek kateg\u00f3ri\u00e1i, akikkel, illetve amelyekkel a szem\u00e9lyes adatokat k\u00f6z\u00f6lt\u00e9k vagy k\u00f6z\u00f6lni fogj\u00e1k, ide\u00e9rtve k\u00fcl\u00f6n\u00f6sen a harmadik orsz\u00e1gbeli c\u00edmzetteket, illetve a nemzetk\u00f6zi szervezeteket, a szem\u00e9lyes adatok t\u00e1rol\u00e1s\u00e1nak tervezett id\u0151tartama, vagy ha ez nem lehets\u00e9ges, ezen id\u0151tartam meghat\u00e1roz\u00e1s\u00e1nak szempontjai, az \u00c9rintett azon joga, hogy k\u00e9relmezheti az Adatkezel\u0151t\u0151l a r\u00e1 vonatkoz\u00f3 szem\u00e9lyes adatok helyesb\u00edt\u00e9s\u00e9t, t\u00f6rl\u00e9s\u00e9t vagy kezel\u00e9s\u00e9nek korl\u00e1toz\u00e1s\u00e1t, \u00e9s tiltakozhat az ilyen szem\u00e9lyes adatok kezel\u00e9se ellen, valamely fel\u00fcgyeleti hat\u00f3s\u00e1ghoz c\u00edmzett panasz beny\u00fajt\u00e1s\u00e1nak joga, ha az adatokat nem az \u00c9rintett\u0151l gy\u0171jt\u00f6tt\u00e9k, a forr\u00e1sukra vonatkoz\u00f3 minden el\u00e9rhet\u0151 inform\u00e1ci\u00f3, a Rendelet 22. cikk 1. \u00e9s 4. bekezd\u00e9s\u00e9ben eml\u00edtett automatiz\u00e1lt d\u00f6nt\u00e9shozatal t\u00e9nye, ide\u00e9rtve a profilalkot\u00e1st is, valamint legal\u00e1bb ezekben az esetekben az alkalmazott logik\u00e1ra \u00e9s arra vonatkoz\u00f3 \u00e9rthet\u0151 inform\u00e1ci\u00f3k, hogy az ilyen adatkezel\u00e9s milyen jelent\u0151s\u00e9ggel b\u00edr, \u00e9s az \u00c9rintettre n\u00e9zve milyen v\u00e1rhat\u00f3 k\u00f6vetkezm\u00e9nyekkel j\u00e1r, ha szem\u00e9lyes adatoknak harmadik orsz\u00e1gba vagy nemzetk\u00f6zi szervezet r\u00e9sz\u00e9re t\u00f6rt\u00e9n\u0151 tov\u00e1bb\u00edt\u00e1s\u00e1ra ker\u00fcl sor, a tov\u00e1bb\u00edt\u00e1sra vonatkoz\u00f3 t\u00e1j\u00e9koztat\u00e1s a 46. cikk szerinti megfelel\u0151 garanci\u00e1kr\u00f3l.<\/p>\n<p>10.1.3 az adatkezel\u00e9s t\u00e1rgy\u00e1t k\u00e9pez\u0151 szem\u00e9lyes adatok m\u00e1solat\u00e1nak rendelkez\u00e9sre bocs\u00e1t\u00e1s\u00e1ra val\u00f3 jog, azonban csak annak a felt\u00e9telnek a betart\u00e1sa mellett, hogy az adatkezel\u00e9s t\u00e1rgy\u00e1t k\u00e9pez\u0151 szem\u00e9lyes adatok m\u00e1solat\u00e1nak \u00e1tad\u00e1si joga nem j\u00e1r kedvez\u0151tlen k\u00f6r\u00fclm\u00e9nyekkel m\u00e1sok jogaira \u00e9s szabads\u00e1g\u00e1ra n\u00e9zve.<\/p>\n<p>10.1.4 az \u00c9rintett helyesb\u00edt\u00e9shez val\u00f3 joga a Rendelet 16. cikke szerint, amelynek tartalm\u00e1t az al\u00e1bbiakra val\u00f3 jog k\u00e9pezi: hogy az Adatkezel\u0151 indokolatlan k\u00e9sedelem n\u00e9lk\u00fcl helyesb\u00edtse az \u00c9rintettre vonatkoz\u00f3 pontatlan szem\u00e9lyes adatokat; az \u00c9rintett hi\u00e1nyos szem\u00e9lyes adatainak kieg\u00e9sz\u00edt\u00e9s\u00e9re val\u00f3 jog, m\u00e9gpedig az \u00c9rintett kieg\u00e9sz\u00edt\u0151 nyilatkozata \u00fatj\u00e1n is, az \u00c9rintett szem\u00e9lyes adatainak t\u00f6rl\u00e9s\u00e9re val\u00f3 joga (azaz \u201eaz elfeledtet\u00e9shez val\u00f3 jog\u201d) a Rendelet 17. cikke szerint, amelynek tartalma:<\/p>\n<p>10.1.5 joga van el\u00e9rni az Adatkezel\u0151n\u00e9l, hogy indokolatlan k\u00e9sedelem n\u00e9lk\u00fcl t\u00f6r\u00f6lje az \u00c9rintettre vonatkoz\u00f3 szem\u00e9lyes adatokat, ha az al\u00e1bbi indokok valamelyike teljes\u00fcl:<br \/>\na szem\u00e9lyes adatokra m\u00e1r nincs sz\u00fcks\u00e9g abb\u00f3l a c\u00e9lb\u00f3l, amelyb\u0151l azokat gy\u0171jt\u00f6tt\u00e9k vagy m\u00e1s m\u00f3don kezelt\u00e9k, az \u00c9rintett visszavonja az adatkezel\u00e9s alapj\u00e1t k\u00e9pez\u0151 hozz\u00e1j\u00e1rul\u00e1s\u00e1t, \u00e9s az adatkezel\u00e9snek nincs m\u00e1s jogalapja, az \u00c9rintett a Rendelet 21. cikk 1. bekezd\u00e9se alapj\u00e1n tiltakozik az adatkezel\u00e9se ellen, \u00e9s nincs els\u0151bbs\u00e9get \u00e9lvez\u0151 jogszer\u0171 ok az adatkezel\u00e9sre, vagy az \u00c9rintett a Rendelet 21. cikk 2. bekezd\u00e9se alapj\u00e1n tiltakozik az adatkezel\u00e9s ellen, a szem\u00e9lyes adatokat jogellenesen kezelt\u00e9k, a szem\u00e9lyes adatokat az Adatkezel\u0151re alkalmazand\u00f3 uni\u00f3s vagy tag\u00e1llami jogban el\u0151\u00edrt jogi k\u00f6telezetts\u00e9g teljes\u00edt\u00e9s\u00e9hez t\u00f6r\u00f6lni kell, a szem\u00e9lyes adatok gy\u0171jt\u00e9s\u00e9re a Rendelet 8. cikk 1. bekezd\u00e9s\u00e9ben eml\u00edtett, inform\u00e1ci\u00f3s t\u00e1rsadalommal \u00f6sszef\u00fcgg\u0151 szolg\u00e1ltat\u00e1sok k\u00edn\u00e1l\u00e1s\u00e1val kapcsolatosan ker\u00fclt sor;<\/p>\n<p>10.1.6. arra val\u00f3 jog, hogy ha az Adatkezel\u0151 nyilv\u00e1noss\u00e1gra hozta az \u00c9rintett szem\u00e9lyes adat\u00e1t, \u00e9s tekintettel az el\u00e9rhet\u0151 technol\u00f3gia \u00e9s a megval\u00f3s\u00edt\u00e1s k\u00f6lts\u00e9geinek figyelembev\u00e9tel\u00e9vel megtette az \u00e9szszer\u0171en elv\u00e1rhat\u00f3 l\u00e9p\u00e9seket, hogy t\u00e1j\u00e9koztassa az adatokat kezel\u0151 egy\u00e9b adatkezel\u0151ket, hogy az \u00c9rintett k\u00e9relmezte t\u0151l\u00fck a sz\u00f3ban forg\u00f3 szem\u00e9lyes adatokra mutat\u00f3 linkek vagy e szem\u00e9lyes adatok m\u00e1solat\u00e1nak, illetve m\u00e1sodp\u00e9ld\u00e1ny\u00e1nak t\u00f6rl\u00e9s\u00e9t, mik\u00f6zben \u00e9rv\u00e9nyes, hogy a Rendelet 17. cikk 1. \u00e9s 2. bekezd\u00e9se szerinti szem\u00e9lyes adatok t\u00f6rl\u00e9s\u00e9re val\u00f3 jog nem j\u00f6n l\u00e9tre, amennyiben a szem\u00e9lyes adatok kezel\u00e9se az al\u00e1bbiak miatt sz\u00fcks\u00e9ges:<\/p>\n<p>10.1.7. a v\u00e9lem\u00e9nynyilv\u00e1n\u00edt\u00e1s szabads\u00e1g\u00e1hoz \u00e9s a t\u00e1j\u00e9koz\u00f3d\u00e1shoz val\u00f3 jog gyakorl\u00e1sa c\u00e9lj\u00e1b\u00f3l.<\/p>\n<p>10.1.8 a szem\u00e9lyes adatok kezel\u00e9s\u00e9t el\u0151\u00edr\u00f3, az Adatkezel\u0151re alkalmazand\u00f3 uni\u00f3s vagy tag\u00e1llami jog szerinti k\u00f6telezetts\u00e9g teljes\u00edt\u00e9se, illetve k\u00f6z\u00e9rdekb\u0151l vagy az Adatkezel\u0151re ruh\u00e1zott k\u00f6zhatalmi jogos\u00edtv\u00e1ny gyakorl\u00e1sa keret\u00e9ben v\u00e9gzett feladat v\u00e9grehajt\u00e1sa c\u00e9lj\u00e1b\u00f3l;<\/p>\n<p>10.1.9 a Rendelet 9. cikk 2. bekezd\u00e9se h) \u00e9s i) pontj\u00e1nak, valamint a 9. cikk 3. bekezd\u00e9s\u00e9nek megfelel\u0151en a n\u00e9peg\u00e9szs\u00e9g\u00fcgy ter\u00fclet\u00e9t \u00e9rint\u0151 k\u00f6z\u00e9rdek alapj\u00e1n<\/p>\n<p>10.1.10 a Rendelet 89. cikk 1. bekezd\u00e9s\u00e9vel \u00f6sszhangban a k\u00f6z\u00e9rdek\u0171 archiv\u00e1l\u00e1s c\u00e9lj\u00e1b\u00f3l, tudom\u00e1nyos \u00e9s t\u00f6rt\u00e9nelmi kutat\u00e1si c\u00e9lb\u00f3l vagy statisztikai c\u00e9lb\u00f3l, amennyiben a Rendelet 17. cikk 1. bekezd\u00e9s\u00e9ben eml\u00edtett jog val\u00f3sz\u00edn\u0171s\u00edthet\u0151en lehetetlenn\u00e9 tenn\u00e9 vagy komolyan vesz\u00e9lyeztetn\u00e9 ezt az adatkezel\u00e9st; vagy a jogi ig\u00e9nyek el\u0151terjeszt\u00e9s\u00e9hez, \u00e9rv\u00e9nyes\u00edt\u00e9s\u00e9hez, illetve v\u00e9delm\u00e9hez;<\/p>\n<p>10.1.11 az \u00c9rintett adatkezel\u00e9s korl\u00e1toz\u00e1s\u00e1hoz val\u00f3 joga a Rendelet 18. cikk\u00e9vel \u00f6sszhangban, amelynek tartalma:<\/p>\n<p>10.1.12 arra val\u00f3 jog, hogy az Adatkezel\u0151 korl\u00e1tozza az adatkezel\u00e9st, ha az al\u00e1bbiak valamelyike teljes\u00fcl: az \u00c9rintett vitatja a szem\u00e9lyes adatok pontoss\u00e1g\u00e1t azon id\u0151tartam alatt, amely lehet\u0151v\u00e9 teszi, hogy az Adatkezel\u0151 ellen\u0151rizze a szem\u00e9lyes adatok pontoss\u00e1g\u00e1t, az adatkezel\u00e9s jogellenes, \u00e9s az \u00c9rintett ellenzi az adatok t\u00f6rl\u00e9s\u00e9t, \u00e9s ehelyett k\u00e9ri azok felhaszn\u00e1l\u00e1s\u00e1nak korl\u00e1toz\u00e1s\u00e1t, az Adatkezel\u0151nek m\u00e1r nincs sz\u00fcks\u00e9ge a szem\u00e9lyes adatokra adatkezel\u00e9s c\u00e9lj\u00e1b\u00f3l, de az \u00c9rintett ig\u00e9nyli azokat jogi ig\u00e9nyek el\u0151terjeszt\u00e9s\u00e9hez, \u00e9rv\u00e9nyes\u00edt\u00e9s\u00e9hez vagy v\u00e9delm\u00e9hez, az \u00c9rintett a Rendelet 21. cikk 1. bekezd\u00e9se szerint tiltakozott az adatkezel\u00e9s ellen, am\u00edg meg\u00e1llap\u00edt\u00e1sra nem ker\u00fcl, hogy az Adatkezel\u0151 jogos indokai els\u0151bbs\u00e9get \u00e9lveznek-e az \u00c9rintett jogos indokaival szemben.<\/p>\n<p>10.1.13 arra val\u00f3 jog, hogy ha az adatkezel\u00e9s korl\u00e1toz\u00e1s al\u00e1 esik, az ilyen szem\u00e9lyes adatokat a t\u00e1rol\u00e1s kiv\u00e9tel\u00e9vel csak az \u00c9rintett hozz\u00e1j\u00e1rul\u00e1s\u00e1val, vagy jogi ig\u00e9nyek el\u0151terjeszt\u00e9s\u00e9hez, \u00e9rv\u00e9nyes\u00edt\u00e9s\u00e9hez vagy v\u00e9delm\u00e9hez, vagy m\u00e1s term\u00e9szetes vagy jogi szem\u00e9ly jogainak v\u00e9delme \u00e9rdek\u00e9ben, vagy az Eur\u00f3pai Uni\u00f3, illetve valamely tag\u00e1llam fontos k\u00f6z\u00e9rdek\u00e9b\u0151l lehet kezelni;<\/p>\n<p>10.1.14 arra val\u00f3 jog, hogy az adatkezel\u00e9s korl\u00e1toz\u00e1s\u00e1nak felold\u00e1s\u00e1r\u00f3l el\u0151zetesen t\u00e1j\u00e9koztatva legyen;<\/p>\n<p>10.1.15 az \u00c9rintett arra val\u00f3 joga, hogy a c\u00edmzettekkel szemben teljes\u00fclj\u00f6n az \u00e9rtes\u00edt\u00e9si k\u00f6telezetts\u00e9g a Rendelet 19. cikke alapj\u00e1n, amelynek tartalma: arra val\u00f3 jog, hogy az Adatkezel\u0151 minden olyan c\u00edmzettet t\u00e1j\u00e9koztasson a Rendelet 16. cikk, a 17. cikk 1. bekezd\u00e9se, illetve a 18. cikk szerinti valamennyi helyesb\u00edt\u00e9sr\u0151l, t\u00f6rl\u00e9sr\u0151l vagy adatkezel\u00e9s-korl\u00e1toz\u00e1sr\u00f3l, akivel, illetve amellyel a szem\u00e9lyes adatot k\u00f6z\u00f6lt\u00e9k, kiv\u00e9ve, ha ez lehetetlennek bizonyul, vagy ar\u00e1nytalanul nagy er\u0151fesz\u00edt\u00e9st ig\u00e9nyel, arra val\u00f3 jog, hogy az \u00c9rintettet k\u00e9r\u00e9s\u00e9re az Adatkezel\u0151 t\u00e1j\u00e9koztassa ezekr\u0151l a c\u00edmzettekr\u0151l;<\/p>\n<p>10.1.16 az \u00c9rintett adathordozhat\u00f3s\u00e1ghoz val\u00f3 joga a Rendelet 20. cikke \u00e9rtem\u00e9ben, amelynek tartalma: az \u00c9rintett jogosult arra, hogy a r\u00e1 vonatkoz\u00f3, \u00e1ltala az Adatkezel\u0151 rendelkez\u00e9s\u00e9re bocs\u00e1tott szem\u00e9lyes adatokat tagolt, sz\u00e9les k\u00f6rben haszn\u00e1lt, g\u00e9ppel olvashat\u00f3 form\u00e1tumban megkapja, tov\u00e1bb\u00e1 jogosult arra, hogy ezeket az adatokat egy m\u00e1sik adatkezel\u0151nek tov\u00e1bb\u00edtsa an\u00e9lk\u00fcl, hogy ezt az Adatkezel\u0151 akad\u00e1lyozn\u00e1, ha:<\/p>\n<p>a\/ az adatkezel\u00e9s a Rendelet 6. cikk 1. bekezd\u00e9s\u00e9nek a) pontja vagy a Rendelet 9. cikk 2. bekezd\u00e9s\u00e9nek a) pontja szerinti hozz\u00e1j\u00e1rul\u00e1son, vagy a Rendelet 6. cikk 1. bekezd\u00e9s\u00e9nek b) pontja szerinti szerz\u0151d\u00e9sen alapul, \u00e9s egy\u00fattal b\/ az adatkezel\u00e9s automatiz\u00e1lt m\u00f3don t\u00f6rt\u00e9nik, egy\u00fattal:<\/p>\n<p>10.1.17 a szem\u00e9lyes adatok megszerz\u00e9s\u00e9re val\u00f3 jog tagolt, sz\u00e9les k\u00f6rben haszn\u00e1lt, g\u00e9ppel olvashat\u00f3 form\u00e1tumban \u00e9s ezen adatok egy m\u00e1sik adatkezel\u0151nek val\u00f3 tov\u00e1bb\u00edt\u00e1sa an\u00e9lk\u00fcl, hogy ezt az Adatkezel\u0151 akad\u00e1lyozn\u00e1 nem \u00e9rintheti h\u00e1tr\u00e1nyosan m\u00e1sok jogait \u00e9s szabads\u00e1gait;<\/p>\n<p>10.1.18 arra val\u00f3 jog, hogy ha ez technikailag megval\u00f3s\u00edthat\u00f3, a szem\u00e9lyes adatok adatkezel\u0151k k\u00f6z\u00f6tt k\u00f6zvetlen\u00fcl tov\u00e1bb\u00edtva legyenek;<\/p>\n<p>10.1.19 az \u00c9rintett tiltakoz\u00e1shoz val\u00f3 joga a Rendelet 21. cikk\u00e9vel \u00f6sszhangban, amelynek tartalma:<\/p>\n<p>10.1.20 arra val\u00f3 jog, hogy az \u00c9rintett konkr\u00e9t helyzet\u00e9vel kapcsolatos okokb\u00f3l b\u00e1rmikor tiltakozzon szem\u00e9lyes adatainak a Rendelet 6. cikk 1. bekezd\u00e9s\u00e9nek e) vagy f) pontj\u00e1n alapul\u00f3 kezel\u00e9se ellen, ide\u00e9rtve az eml\u00edtett rendelkez\u00e9seken alapul\u00f3 profilalkot\u00e1st is;<\/p>\n<p>10.1.21 arra val\u00f3 jog \u00e9rv\u00e9nyes\u00edt\u00e9se eset\u00e9n, hogy az \u00c9rintett konkr\u00e9t helyzet\u00e9vel kapcsolatos okokb\u00f3l b\u00e1rmikor tiltakozzon szem\u00e9lyes adatainak a Rendelet 6. cikk 1. bekezd\u00e9s\u00e9nek e) vagy f) pontj\u00e1n alapul\u00f3 kezel\u00e9se ellen, ide\u00e9rtve az eml\u00edtett rendelkez\u00e9seken alapul\u00f3 profilalkot\u00e1st is, az arra val\u00f3 jog, hogy az Adatkezel\u0151 az \u00c9rintett szem\u00e9lyes adatait ne kezelje tov\u00e1bb, am\u00edg nem bizony\u00edtja, hogy az adatkezel\u00e9st olyan k\u00e9nyszer\u00edt\u0151 erej\u0171 jogos okok indokolj\u00e1k, amelyek els\u0151bbs\u00e9get \u00e9lveznek az \u00c9rintett \u00e9rdekeivel, jogaival \u00e9s szabads\u00e1gaival szemben, vagy amelyek jogi ig\u00e9nyek el\u0151terjeszt\u00e9s\u00e9hez, \u00e9rv\u00e9nyes\u00edt\u00e9s\u00e9hez vagy v\u00e9delm\u00e9hez kapcsol\u00f3dnak<\/p>\n<p>10.1.22 arra val\u00f3 jog, hogy az \u00c9rintett b\u00e1rmikor tiltakozzon a r\u00e1 vonatkoz\u00f3 szem\u00e9lyes adatok k\u00f6zvetlen \u00fczletszerz\u00e9s \u00e9rdek\u00e9ben t\u00f6rt\u00e9n\u0151 kezel\u00e9se ellen, ide\u00e9rtve a profilalkot\u00e1st is, amennyiben az a k\u00f6zvetlen \u00fczletszerz\u00e9shez kapcsol\u00f3dik; mik\u00f6zben \u00e9rv\u00e9nyes, hogy ha az \u00c9rintett tiltakozik a szem\u00e9lyes adatok k\u00f6zvetlen \u00fczletszerz\u00e9s \u00e9rdek\u00e9ben t\u00f6rt\u00e9n\u0151 kezel\u00e9se ellen, akkor a szem\u00e9lyes adatok a tov\u00e1bbiakban e c\u00e9lb\u00f3l nem kezelhet\u0151k;<\/p>\n<p>10.1.23 az inform\u00e1ci\u00f3s t\u00e1rsadalommal \u00f6sszef\u00fcgg\u0151 szolg\u00e1ltat\u00e1sok ig\u00e9nybev\u00e9tel\u00e9hez kapcsol\u00f3d\u00f3an az \u00e9rintett a tiltakoz\u00e1shoz val\u00f3 jogot m\u0171szaki el\u0151\u00edr\u00e1sokon alapul\u00f3 automatiz\u00e1lt eszk\u00f6z\u00f6kkel is gyakorolhatja;<\/p>\n<p>10.1.24 arra val\u00f3 jog, hogy ha a szem\u00e9lyes adatok kezel\u00e9s\u00e9re a 89. cikk 1. bekezd\u00e9s\u00e9nek megfelel\u0151en tudom\u00e1nyos \u00e9s t\u00f6rt\u00e9nelmi kutat\u00e1si c\u00e9lb\u00f3l vagy statisztikai c\u00e9lb\u00f3l ker\u00fcl sor, az \u00c9rintett jogosult arra, hogy a saj\u00e1t helyzet\u00e9vel kapcsolatos okokb\u00f3l tiltakozhasson a r\u00e1 vonatkoz\u00f3 szem\u00e9lyes adatok kezel\u00e9se ellen, kiv\u00e9ve, ha az adatkezel\u00e9sre k\u00f6z\u00e9rdek\u0171 okb\u00f3l v\u00e9gzett feladat v\u00e9grehajt\u00e1sa \u00e9rdek\u00e9ben van sz\u00fcks\u00e9g;<\/p>\n<p>10.1.25 az \u00c9rintett automatiz\u00e1lt d\u00f6nt\u00e9shozatalra val\u00f3 joga a Rendelet 22. cikk\u00e9vel \u00f6sszhangban, amelynek tartalma:<\/p>\n<p>10.1.26 arra val\u00f3 jog, hogy az \u00c9rintettre ne terjedjen ki az olyan, kiz\u00e1r\u00f3lag automatiz\u00e1lt adatkezel\u00e9sen, ide\u00e9rtve a profilalkot\u00e1st is, alapul\u00f3 d\u00f6nt\u00e9s hat\u00e1lya, amely r\u00e1 n\u00e9zve joghat\u00e1ssal j\u00e1rna vagy \u0151t hasonl\u00f3k\u00e9ppen jelent\u0151s m\u00e9rt\u00e9kben \u00e9rinten\u00e9, kiv\u00e9ve a Rendelet 22. cikke 2. bekezd\u00e9se szerinti eseteket [azaz az olyan esetek kiv\u00e9tel\u00e9vel, amelyekn\u00e9l a d\u00f6nt\u00e9s: (a) n\u00e9lk\u00fcl\u00f6zhetetlen az \u00c9rintett \u00e9s az Adatkezel\u0151 k\u00f6z\u00f6tti szerz\u0151d\u00e9s megk\u00f6t\u00e9s\u00e9hez vagy teljes\u00edt\u00e9s\u00e9hez,<\/p>\n<p>10.1.27 meghozatal\u00e1t az Adatkezel\u0151re alkalmazand\u00f3 olyan uni\u00f3s vagy tag\u00e1llami jog teszi lehet\u0151v\u00e9, amely az \u00c9rintett jogainak \u00e9s szabads\u00e1gainak, valamint jogos \u00e9rdekeinek v\u00e9delm\u00e9t szolg\u00e1l\u00f3 megfelel\u0151 int\u00e9zked\u00e9seket is meg\u00e1llap\u00edt vagy (c) az \u00c9rintett kifejezett hozz\u00e1j\u00e1rul\u00e1s\u00e1n alapul].<\/p>\n<p>XI. Az \u00c9rintett t\u00e1j\u00e9koztat\u00e1sa a szem\u00e9lyes adatok kezel\u00e9s\u00e9hez val\u00f3 hozz\u00e1j\u00e1rul\u00e1sa visszavon\u00e1si jog\u00e1r\u00f3l:<\/p>\n<p>11.1 Az \u00c9rintettnek joga van b\u00e1rmikor visszavonni a szem\u00e9lyes adatok kezel\u00e9s\u00e9hez adott hozz\u00e1j\u00e1rul\u00e1s\u00e1t, an\u00e9lk\u00fcl, hogy az hat\u00e1ssal lenne a hozz\u00e1j\u00e1rul\u00e1son alapul\u00f3, a visszavon\u00e1s el\u0151tti adatkezel\u00e9s jogszer\u0171s\u00e9g\u00e9re.<br \/>\nAz \u00c9rintettnek joga van b\u00e1rmikor visszavonni a szem\u00e9lyes adatok kezel\u00e9s\u00e9hez adott hozz\u00e1j\u00e1rul\u00e1s\u00e1t \u2013 r\u00e9szben vagy eg\u00e9szben. A szem\u00e9lyes adatok kezel\u00e9s\u00e9hez adott hozz\u00e1j\u00e1rul\u00e1s r\u00e9szleges visszavon\u00e1sa a kezel\u00e9si m\u0171velet\/ek egy bizonyos t\u00edpus\u00e1t \u00e9rintheti, mik\u00f6zben a szem\u00e9lyes adatok kezel\u00e9s\u00e9nek jogszer\u0171s\u00e9ge a fennmarad\u00f3 kezel\u00e9si m\u0171veletek m\u00e9rt\u00e9k\u00e9ben \u00e9rintetlen marad. A szem\u00e9lyes adatok kezel\u00e9s\u00e9hez adott hozz\u00e1j\u00e1rul\u00e1s r\u00e9szleges visszavon\u00e1sa a kezel\u00e9s egy adott konkr\u00e9t c\u00e9lj\u00e1t \/ adott konkr\u00e9t c\u00e9ljait \u00e9rintheti, mik\u00f6zben a szem\u00e9lyes adatok kezel\u00e9s\u00e9nek jogszer\u0171s\u00e9ge a t\u00f6bbi c\u00e9l tekintet\u00e9ben \u00e9rintetlen marad.<br \/>\nAz \u00c9rintett a szem\u00e9lyes adatok kezel\u00e9s\u00e9hez adott hozz\u00e1j\u00e1rul\u00e1s visszavon\u00e1si jog\u00e1t \u00edr\u00e1sban, pap\u00edralapon gyakorolhatja, amelyet a szem\u00e9lyes adatok kezel\u00e9s\u00e9hez adott hozz\u00e1j\u00e1rul\u00e1s visszavon\u00e1s\u00e1nak idej\u00e9n az Adatkezel\u0151 C\u00e9gjegyz\u00e9kben sz\u00e9khelyk\u00e9nt bejegyzett c\u00edm\u00e9re k\u00e9zbes\u00edt, vagy elektronikus form\u00e1ban az Adatkezel\u0151 e-mail c\u00edm\u00e9re, amelyet az Adatkezel\u0151 azonos\u00edt\u00e1s\u00e1n\u00e1l t\u00fcntettek fel jelen dokumentumban, vagy az Adatkezel\u0151 honlapj\u00e1n k\u00f6zz\u00e9tett elektronikus \u0171rlap kit\u00f6lt\u00e9s\u00e9vel.<\/p>\n<p>XII. Az \u00c9rintett t\u00e1j\u00e9koztat\u00e1sa a fel\u00fcgyeleti szervhez val\u00f3 panasz beny\u00fajt\u00e1si jog\u00e1r\u00f3l:<\/p>\n<p>12.1 Az \u00c9rintettnek joga van panaszt beny\u00fajtani a fel\u00fcgyeleti szervhez, k\u00fcl\u00f6n\u00f6sen a szokv\u00e1nyos tart\u00f3zkod\u00e1sa tag\u00e1llam\u00e1ban, a munkav\u00e9gz\u00e9se hely\u00e9n, vagy a v\u00e9lt szab\u00e1lys\u00e9rt\u00e9s hely\u00e9n, ha \u00fagy v\u00e9li, hogy az \u0151t \u00e9rint\u0151 szem\u00e9lyes adatok kezel\u00e9se ellenkezik a Rendelettel, mindezt an\u00e9lk\u00fcl, hogy \u00e9rintve lenn\u00e9nek a jogorvosl\u00e1s b\u00e1rmely egy\u00e9b k\u00f6zigazgat\u00e1si vagy b\u00edr\u00f3s\u00e1gi eszk\u00f6zei.<br \/>\nAz \u00c9rintettnek joga van, hogy a fel\u00fcgyeleti szerv, amelyhez a panasz\u00e1t beny\u00fajtotta, \u0151t, mint panasztev\u0151t t\u00e1j\u00e9koztassa a panasz\u00e1nak az eredm\u00e9ny\u00e9r\u0151l, bele\u00e9rtve a Rendelet 78 cikke szerinti b\u00edr\u00f3s\u00e1gi jogorvosl\u00e1si eszk\u00f6z beny\u00fajt\u00e1si lehet\u0151s\u00e9g\u00e9t is.<\/p>\n<p>12.2 A Szlov\u00e1k K\u00f6zt\u00e1rsas\u00e1gban a fel\u00fcgyeleti szerv a Szlov\u00e1k K\u00f6zt\u00e1rsas\u00e1g Adatv\u00e9delmi Hivatala (\u00darad na ochranu osobn\u00fdch \u00fadajov Slovenskej republiky).<\/p>\n<p>XIII. Az \u00c9rintett szem\u00e9lyes adatok ny\u00fajt\u00e1si k\u00f6telezetts\u00e9g\u00e9nek megl\u00e9t\u00e9r\u0151l\/ nem l\u00e9t\u00e9r\u0151l sz\u00f3l\u00f3 t\u00e1j\u00e9koztat\u00e1s \u00e9s Az automatikus d\u00f6nt\u00e9shozatalr\u00f3l sz\u00f3l\u00f3 t\u00e1j\u00e9koztat\u00e1s, bele\u00e9rtve a profilalkot\u00e1st is:<\/p>\n<p>13.1 Az Adatkezel\u0151 t\u00e1j\u00e9koztatja az \u00c9rintettet, hogy az \u00c9rintett szem\u00e9lyes adatainak rendelkez\u00e9sre bocs\u00e1t\u00e1sa az ad\u00e1sv\u00e9teli szerz\u0151d\u00e9s megk\u00f6t\u00e9s\u00e9hez \u00e9s teljes\u00edt\u00e9s\u00e9hez sz\u00fcks\u00e9ges. Az Adatkezel\u0151 t\u00e1j\u00e9koztatja az \u00c9rintettet, hogy az \u00c9rintett nem k\u00f6teles megadni a szem\u00e9lyes adatait \u00e9s nem k\u00f6teles hozz\u00e1j\u00e1rul\u00e1s\u00e1t adni ezek kezel\u00e9s\u00e9hez. A szem\u00e9lyes adatok \u00e1tad\u00e1sa elmarad\u00e1s\u00e1nak \u00e9s\/vagy a szem\u00e9lyes adatok kezel\u00e9s\u00e9hez val\u00f3 hozz\u00e1j\u00e1rul\u00e1s elmarad\u00e1s\u00e1nak a k\u00f6vetkezm\u00e9nye az lesz, hogy az Adatkezel\u0151 nem fogja tudni megk\u00f6tni \u00e9s teljes\u00edteni az ad\u00e1sv\u00e9teli szerz\u0151d\u00e9st.<\/p>\n<p>13.2 Mivel az Adatkezel\u0151 eset\u00e9ben nem automatiz\u00e1lt d\u00f6nt\u00e9shozatalr\u00f3l \u00e9s profilalkot\u00e1sr\u00f3l van sz\u00f3 az \u00c9rintett szem\u00e9lyes adatai kezel\u00e9s\u00e9n\u00e9l a Rendelet 22. cikke 1. \u00e9s 4. bekezd\u00e9se alapj\u00e1n, az Adatkezel\u0151 nem k\u00f6teles felt\u00fcntetni a Rendelet 13. cikke 2. bek. f) pontja szerinti inform\u00e1ci\u00f3kat, azaz az automatiz\u00e1lt d\u00f6nt\u00e9shozatalr\u00f3l \u00e9s profilalkot\u00e1sr\u00f3l, valamint az alkalmazott elj\u00e1r\u00e1s\u00f3l sz\u00f3l\u00f3 inform\u00e1ci\u00f3kat, \u00e9s az ilyen adatkezel\u00e9s \u00c9rintettre vonatkoz\u00f3 jelent\u0151s\u00e9g\u00e9r\u0151l \u00e9s a v\u00e1rhat\u00f3 k\u00f6vetkezm\u00e9nyeir\u0151l. Nem \u00e9rv\u00e9nyes\u00fcl.<\/p>\n<p>XIV. Z\u00e1r\u00f3 rendelkez\u00e9sek<br \/>\n14.1 A szem\u00e9lyes adatok v\u00e9delm\u00e9nek jelen alapelvei \u00e9s t\u00e1j\u00e9koztat\u00e1s az \u00c1ltal\u00e1nos Szerz\u0151d\u00e9si Felt\u00e9telek \u00e9s Reklam\u00e1ci\u00f3s szab\u00e1lyzat elv\u00e1laszthatatlan r\u00e9sz\u00e9t k\u00e9pezik. A dokumentumok \u2013 az \u00c1ltal\u00e1nos Szerz\u0151d\u00e9si Felt\u00e9telek \u00e9s e web\u00e1ruh\u00e1z Reklam\u00e1ci\u00f3s szab\u00e1lyzata az Elad\u00f3 web\u00e1ruh\u00e1z\u00e1nak dom\u00e9nj\u00e9n vannak k\u00f6zz\u00e9t\u00e9ve.<br \/>\n14.2. Jelen Adatv\u00e9delmi alapelvek az Elad\u00f3 web\u00e1ruh\u00e1z\u00e1ban val\u00f3 k\u00f6zz\u00e9t\u00e9tellel v\u00e1lnak \u00e9rv\u00e9nyess\u00e9 \u00e9s l\u00e9pnek hat\u00e1lyba, 01.05.2021-\u00e1n.<\/p>\n","protected":false},"excerpt":{"rendered":"<p>A SZEM\u00c9LYES ADATOK V\u00c9DELME \u00c9S COOKIES T\u00c1J\u00c9KOZTAT\u00c1S \/ A szem\u00e9lyes adatok v\u00e9delm\u00e9nek alapelvei \u00e9s t\u00e1j\u00e9koztat\u00e1s amelyet [&hellip;]<\/p>\n","protected":false},"author":1,"featured_media":0,"parent":0,"menu_order":0,"comment_status":"closed","ping_status":"closed","template":"","meta":{"_monsterinsights_skip_tracking":false,"_monsterinsights_sitenote_active":false,"_monsterinsights_sitenote_note":"","_monsterinsights_sitenote_category":0},"yoast_head":"<!-- This site is optimized with the Yoast SEO plugin v19.6 - https:\/\/yoast.com\/wordpress\/plugins\/seo\/ -->\n<title>GDPR - TurnmyTree<\/title>\n<meta name=\"robots\" content=\"index, follow, max-snippet:-1, max-image-preview:large, max-video-preview:-1\" \/>\n<link rel=\"canonical\" href=\"https:\/\/www.turnmytree.com\/hu\/gdpr\/\" \/>\n<meta property=\"og:locale\" content=\"hu_HU\" \/>\n<meta property=\"og:type\" content=\"article\" \/>\n<meta property=\"og:title\" content=\"GDPR - TurnmyTree\" \/>\n<meta property=\"og:description\" content=\"A SZEM\u00c9LYES ADATOK V\u00c9DELME \u00c9S COOKIES T\u00c1J\u00c9KOZTAT\u00c1S \/ A szem\u00e9lyes adatok v\u00e9delm\u00e9nek alapelvei \u00e9s t\u00e1j\u00e9koztat\u00e1s amelyet [&hellip;]\" \/>\n<meta property=\"og:url\" content=\"https:\/\/www.turnmytree.com\/hu\/gdpr\/\" \/>\n<meta property=\"og:site_name\" content=\"TurnmyTree\" \/>\n<meta property=\"article:publisher\" content=\"https:\/\/www.facebook.com\/Turnmytree-106361238213023\/\" \/>\n<meta property=\"article:modified_time\" content=\"2021-09-13T14:42:15+00:00\" \/>\n<meta name=\"twitter:card\" content=\"summary_large_image\" \/>\n<meta name=\"twitter:label1\" content=\"Becs\u00fclt olvas\u00e1si id\u0151\" \/>\n\t<meta name=\"twitter:data1\" content=\"14 perc\" \/>\n<script type=\"application\/ld+json\" class=\"yoast-schema-graph\">{\"@context\":\"https:\/\/schema.org\",\"@graph\":[{\"@type\":\"WebPage\",\"@id\":\"https:\/\/www.turnmytree.com\/hu\/gdpr\/\",\"url\":\"https:\/\/www.turnmytree.com\/hu\/gdpr\/\",\"name\":\"GDPR - TurnmyTree\",\"isPartOf\":{\"@id\":\"https:\/\/www.turnmytree.com\/#website\"},\"datePublished\":\"2021-05-28T09:41:44+00:00\",\"dateModified\":\"2021-09-13T14:42:15+00:00\",\"breadcrumb\":{\"@id\":\"https:\/\/www.turnmytree.com\/hu\/gdpr\/#breadcrumb\"},\"inLanguage\":\"hu\",\"potentialAction\":[{\"@type\":\"ReadAction\",\"target\":[\"https:\/\/www.turnmytree.com\/hu\/gdpr\/\"]}]},{\"@type\":\"BreadcrumbList\",\"@id\":\"https:\/\/www.turnmytree.com\/hu\/gdpr\/#breadcrumb\",\"itemListElement\":[{\"@type\":\"ListItem\",\"position\":1,\"name\":\"Home\",\"item\":\"https:\/\/www.turnmytree.com\/hu\/\"},{\"@type\":\"ListItem\",\"position\":2,\"name\":\"GDPR\"}]},{\"@type\":\"WebSite\",\"@id\":\"https:\/\/www.turnmytree.com\/#website\",\"url\":\"https:\/\/www.turnmytree.com\/\",\"name\":\"TurnmyTree\",\"description\":\"Rotating platforms\",\"publisher\":{\"@id\":\"https:\/\/www.turnmytree.com\/#organization\"},\"potentialAction\":[{\"@type\":\"SearchAction\",\"target\":{\"@type\":\"EntryPoint\",\"urlTemplate\":\"https:\/\/www.turnmytree.com\/?s={search_term_string}\"},\"query-input\":\"required name=search_term_string\"}],\"inLanguage\":\"hu\"},{\"@type\":\"Organization\",\"@id\":\"https:\/\/www.turnmytree.com\/#organization\",\"name\":\"TurnmyTree\",\"url\":\"https:\/\/www.turnmytree.com\/\",\"sameAs\":[\"https:\/\/www.instagram.com\/turnmytree\/\",\"https:\/\/www.facebook.com\/Turnmytree-106361238213023\/\"],\"logo\":{\"@type\":\"ImageObject\",\"inLanguage\":\"hu\",\"@id\":\"https:\/\/www.turnmytree.com\/#\/schema\/logo\/image\/\",\"url\":\"https:\/\/www.turnmytree.com\/wp-content\/uploads\/2021\/05\/logo-small-2.png\",\"contentUrl\":\"https:\/\/www.turnmytree.com\/wp-content\/uploads\/2021\/05\/logo-small-2.png\",\"width\":268,\"height\":54,\"caption\":\"TurnmyTree\"},\"image\":{\"@id\":\"https:\/\/www.turnmytree.com\/#\/schema\/logo\/image\/\"}}]}<\/script>\n<!-- \/ Yoast SEO plugin. -->","yoast_head_json":{"title":"GDPR - TurnmyTree","robots":{"index":"index","follow":"follow","max-snippet":"max-snippet:-1","max-image-preview":"max-image-preview:large","max-video-preview":"max-video-preview:-1"},"canonical":"https:\/\/www.turnmytree.com\/hu\/gdpr\/","og_locale":"hu_HU","og_type":"article","og_title":"GDPR - TurnmyTree","og_description":"A SZEM\u00c9LYES ADATOK V\u00c9DELME \u00c9S COOKIES T\u00c1J\u00c9KOZTAT\u00c1S \/ A szem\u00e9lyes adatok v\u00e9delm\u00e9nek alapelvei \u00e9s t\u00e1j\u00e9koztat\u00e1s amelyet [&hellip;]","og_url":"https:\/\/www.turnmytree.com\/hu\/gdpr\/","og_site_name":"TurnmyTree","article_publisher":"https:\/\/www.facebook.com\/Turnmytree-106361238213023\/","article_modified_time":"2021-09-13T14:42:15+00:00","twitter_card":"summary_large_image","twitter_misc":{"Becs\u00fclt olvas\u00e1si id\u0151":"14 perc"},"schema":{"@context":"https:\/\/schema.org","@graph":[{"@type":"WebPage","@id":"https:\/\/www.turnmytree.com\/hu\/gdpr\/","url":"https:\/\/www.turnmytree.com\/hu\/gdpr\/","name":"GDPR - TurnmyTree","isPartOf":{"@id":"https:\/\/www.turnmytree.com\/#website"},"datePublished":"2021-05-28T09:41:44+00:00","dateModified":"2021-09-13T14:42:15+00:00","breadcrumb":{"@id":"https:\/\/www.turnmytree.com\/hu\/gdpr\/#breadcrumb"},"inLanguage":"hu","potentialAction":[{"@type":"ReadAction","target":["https:\/\/www.turnmytree.com\/hu\/gdpr\/"]}]},{"@type":"BreadcrumbList","@id":"https:\/\/www.turnmytree.com\/hu\/gdpr\/#breadcrumb","itemListElement":[{"@type":"ListItem","position":1,"name":"Home","item":"https:\/\/www.turnmytree.com\/hu\/"},{"@type":"ListItem","position":2,"name":"GDPR"}]},{"@type":"WebSite","@id":"https:\/\/www.turnmytree.com\/#website","url":"https:\/\/www.turnmytree.com\/","name":"TurnmyTree","description":"Rotating platforms","publisher":{"@id":"https:\/\/www.turnmytree.com\/#organization"},"potentialAction":[{"@type":"SearchAction","target":{"@type":"EntryPoint","urlTemplate":"https:\/\/www.turnmytree.com\/?s={search_term_string}"},"query-input":"required name=search_term_string"}],"inLanguage":"hu"},{"@type":"Organization","@id":"https:\/\/www.turnmytree.com\/#organization","name":"TurnmyTree","url":"https:\/\/www.turnmytree.com\/","sameAs":["https:\/\/www.instagram.com\/turnmytree\/","https:\/\/www.facebook.com\/Turnmytree-106361238213023\/"],"logo":{"@type":"ImageObject","inLanguage":"hu","@id":"https:\/\/www.turnmytree.com\/#\/schema\/logo\/image\/","url":"https:\/\/www.turnmytree.com\/wp-content\/uploads\/2021\/05\/logo-small-2.png","contentUrl":"https:\/\/www.turnmytree.com\/wp-content\/uploads\/2021\/05\/logo-small-2.png","width":268,"height":54,"caption":"TurnmyTree"},"image":{"@id":"https:\/\/www.turnmytree.com\/#\/schema\/logo\/image\/"}}]}},"_links":{"self":[{"href":"https:\/\/www.turnmytree.com\/hu\/wp-json\/wp\/v2\/pages\/969"}],"collection":[{"href":"https:\/\/www.turnmytree.com\/hu\/wp-json\/wp\/v2\/pages"}],"about":[{"href":"https:\/\/www.turnmytree.com\/hu\/wp-json\/wp\/v2\/types\/page"}],"author":[{"embeddable":true,"href":"https:\/\/www.turnmytree.com\/hu\/wp-json\/wp\/v2\/users\/1"}],"replies":[{"embeddable":true,"href":"https:\/\/www.turnmytree.com\/hu\/wp-json\/wp\/v2\/comments?post=969"}],"version-history":[{"count":2,"href":"https:\/\/www.turnmytree.com\/hu\/wp-json\/wp\/v2\/pages\/969\/revisions"}],"predecessor-version":[{"id":1273,"href":"https:\/\/www.turnmytree.com\/hu\/wp-json\/wp\/v2\/pages\/969\/revisions\/1273"}],"wp:attachment":[{"href":"https:\/\/www.turnmytree.com\/hu\/wp-json\/wp\/v2\/media?parent=969"}],"curies":[{"name":"wp","href":"https:\/\/api.w.org\/{rel}","templated":true}]}}