{"id":967,"date":"2021-05-28T11:35:47","date_gmt":"2021-05-28T09:35:47","guid":{"rendered":"https:\/\/www.turnmytree.com\/?page_id=967"},"modified":"2021-05-28T11:35:47","modified_gmt":"2021-05-28T09:35:47","slug":"altalanos-szerzodesi-feltetelek","status":"publish","type":"page","link":"https:\/\/www.turnmytree.com\/hu\/altalanos-szerzodesi-feltetelek\/","title":{"rendered":"\u00c1ltal\u00e1nos Szerz\u0151d\u00e9si Felt\u00e9telek"},"content":{"rendered":"<p>\u00c1ltal\u00e1nos Szerz\u0151d\u00e9si Felt\u00e9telek<br \/>\na www.turnmytree.com web\u00e1ruh\u00e1zhoz<br \/>\nI. Alapvet\u0151 rendelkez\u00e9sek \u00e9s Fogalommeghat\u00e1roz\u00e1sok<br \/>\n1. Jelen \u00c1ltal\u00e1nos Szerz\u0151d\u00e9si Felt\u00e9telek (tov\u00e1bbiakban \u201e\u00c1SZF\u201d) az al\u00e1bbi t\u00e1rsas\u00e1g<\/p>\n<p>C\u00e9gn\u00e9v: Quantensprung s.r.o<br \/>\nSz\u00e9khely: Al\u017ebetina 2, Ko\u0161ice &#8211; mestsk\u00e1 \u010das\u0165 Star\u00e9 Mesto 040 01, Szlov\u00e1k K\u00f6zt\u00e1rsas\u00e1g<br \/>\nBejegyezve a Kassa I. J\u00e1r\u00e1sb\u00edr\u00f3s\u00e1g C\u00e9gjegyz\u00e9k\u00e9be, szakasz: Sro, Bet\u00e9t sz.: 45725\/V<br \/>\nStat. sz.: 36 671 967<br \/>\nAd\u00f3sz\u00e1m: 2022249416<br \/>\n\t  SK2022249416<br \/>\nBanksz\u00e1mlasz\u00e1m: SK42 1100 0000 0029 4908 5898<\/p>\n<p>(tov\u00e1bbiakban \u201eElad\u00f3\u201d) \u00e9s minden olyan szem\u00e9ly k\u00f6z\u00f6tti jogviszonyokra \u00e9rv\u00e9nyes, aki az Elad\u00f3 \u00e1ltal az Elad\u00f3 web\u00e1ruh\u00e1z\u00e1ban k\u00edn\u00e1lt \u00e1ru vagy szolg\u00e1ltat\u00e1s Vev\u0151je, \u00e9s aki fogyaszt\u00f3k\u00e9nt l\u00e9p fel jelen \u00c1ltal\u00e1nos Szerz\u0151d\u00e9si Felt\u00e9telek tov\u00e1bbi rendelkez\u00e9sei \u00e9s a fogyaszt\u00f3t meghat\u00e1roz\u00f3 vonatkoz\u00f3 t\u00f6rv\u00e9nyek \u00e9rtelm\u00e9ben, a Szlov\u00e1k K\u00f6zt\u00e1rsas\u00e1g \u00e9rv\u00e9nyes jogszab\u00e1lyoz\u00e1sa keret\u00e9n bel\u00fcl, k\u00fcl\u00f6n\u00f6sen az al\u00e1bbi t\u00f6rv\u00e9nyek vonatkoz\u00e1s\u00e1ban: A t\u00e1vollev\u0151k k\u00f6z\u00f6tt vagy az Elad\u00f3 \u00fczlethelyis\u00e9g\u00e9n k\u00edv\u00fcl k\u00f6t\u00f6tt szerz\u0151d\u00e9sek alapj\u00e1n megval\u00f3sul\u00f3 \u00e1ru\u00e9rt\u00e9kes\u00edt\u00e9s vagy szolg\u00e1ltat\u00e1sny\u00fajt\u00e1s eset\u00e9n a fogyaszt\u00f3k v\u00e9delm\u00e9r\u0151l \u00e9s egyes t\u00f6rv\u00e9nyek kieg\u00e9sz\u00edt\u00e9s\u00e9r\u0151l \u00e9s m\u00f3dos\u00edt\u00e1s\u00e1r\u00f3l sz\u00f3l\u00f3 fogyaszt\u00f3v\u00e9delmi T.t. 102\/2014 sz. t\u00f6rv\u00e9ny, a fogyaszt\u00f3k v\u00e9delm\u00e9r\u0151l sz\u00f3l\u00f3 m\u00f3dos\u00edtott T.t. 250\/2007 sz. t\u00f6rv\u00e9ny, az elektronikus kereskedelemr\u0151l sz\u00f3l\u00f3 m\u00f3dos\u00edtott T.t. 22\/2004 sz. t\u00f6rv\u00e9ny, a Polg\u00e1ri t\u00f6rv\u00e9nyk\u00f6nyvr\u0151l sz\u00f3l\u00f3 m\u00f3dos\u00edtott T.t. 40\/1964 sz. t\u00f6rv\u00e9ny.<\/p>\n<p>1.1 Az Elad\u00f3 el\u00e9rhet\u0151s\u00e9ge \u00e9s c\u00edme: <\/p>\n<p>Email: marketing@turnmytree.com<br \/>\nTel. sz.: +421 911 383 071<\/p>\n<p>1.1.1 A reklam\u00e1ci\u00f3 \u00e9s a szerz\u0151d\u00e9st\u0151l val\u00f3 el\u00e1ll\u00e1s k\u00fcld\u00e9s\u00e9nek c\u00edme:<\/p>\n<p>Quantensprung s.r.o, Al\u017ebetina 2; Ko\u0161ice Szlov\u00e1k K\u00f6zt\u00e1rsas\u00e1g<\/p>\n<p>1.2 Jelen \u00c1ltal\u00e1nos Szerz\u0151d\u00e9si Felt\u00e9telek szab\u00e1lyozz\u00e1k a Vev\u0151k, akik fogyaszt\u00f3k, \u00e9s az Elad\u00f3 k\u00f6z\u00f6tti jogviszonyokat.<br \/>\n2. A Vev\u0151 minden olyan szem\u00e9ly (term\u00e9szetes szem\u00e9ly vagy jogi szem\u00e9ly), aki az Elad\u00f3 internetes port\u00e1lja kihaszn\u00e1l\u00e1s\u00e1val elk\u00fcldte a megrendel\u00e9s\u00e9t az elektronikus rendel\u00e9si \u0171rlap seg\u00edts\u00e9g\u00e9vel, esetleg tov\u00e1bbi t\u00e1vk\u00f6zl\u00e9si eszk\u00f6z\u00f6k seg\u00edts\u00e9g\u00e9vel.<br \/>\n2.1 A fogyaszt\u00f3 az a Vev\u0151, aki term\u00e9szetes szem\u00e9ly \u00e9s aki az Elad\u00f3 web\u00e1ruh\u00e1za seg\u00edts\u00e9g\u00e9vel megval\u00f3sul\u00f3 szerz\u0151d\u00e9s sor\u00e1n nem a v\u00e1llalkoz\u00e1sa t\u00e1rgya keret\u00e9ben j\u00e1r el.<br \/>\n2.2 Az olyan Vev\u0151kkel fenn\u00e1ll\u00f3 jogviszonyokra (valamint egy\u00e9b viszonyokra is, amelyek a szerz\u0151d\u00e9ses jogviszonyb\u00f3l k\u00f6vetkezhetnek), akik jogi szem\u00e9lyekk\u00e9nt, ill. term\u00e9szetes szem\u00e9ly \u2013 v\u00e1llalkoz\u00f3kk\u00e9nt l\u00e9pnek fel, akik v\u00e1llalkoz\u00f3i tev\u00e9kenys\u00e9g\u00fck keret\u00e9ben j\u00e1rnak el (akik nem fogyaszt\u00f3i mivoltukban j\u00e1rnak el) a m\u00f3dos\u00edtott T.gy. 513\/1991 sz. Kereskedelmi t\u00f6rv\u00e9ny rendelkez\u00e9sei az ir\u00e1nyad\u00f3k.<br \/>\n2.3 T\u00e1voll\u00e9v\u0151k k\u00f6z\u00f6tt szerz\u0151d\u00e9snek jelen \u00c1ltal\u00e1nos Szerz\u0151d\u00e9si Felt\u00e9telek c\u00e9ljaira az Elad\u00f3 \u00e9s a fogyaszt\u00f3 k\u00f6z\u00f6tt kiz\u00e1r\u00f3lag egy vagy t\u00f6bb t\u00e1vk\u00f6zl\u00e9si eszk\u00f6z seg\u00edts\u00e9g\u00e9vel, az Elad\u00f3 \u00e9s a fogyaszt\u00f3 egyidej\u0171 fizikai jelenl\u00e9te n\u00e9lk\u00fcl, k\u00fcl\u00f6n\u00f6sen a weboldal, esetleg tov\u00e1bbi t\u00e1vk\u00f6zl\u00e9si eszk\u00f6z\u00f6k felhaszn\u00e1l\u00e1s\u00e1val megegyezett \u00e9s megk\u00f6t\u00f6tt szerz\u0151d\u00e9s \u00e9rtend\u0151.<br \/>\n3. A term\u00e9kek olyan \u00e1ruk vagy szolg\u00e1ltat\u00e1sok, amelyeket elad\u00e1sra sz\u00e1ntak, egy\u00fattal fel vannak t\u00fcntetve az Elad\u00f3 web\u00e1ruh\u00e1z\u00e1ban.<br \/>\n4. Az Elad\u00f3 egy\u00fattal annak az elektronikus rendszernek az \u00fczemeltet\u0151je is, amely seg\u00edts\u00e9g\u00e9vel a dom\u00e9nen a www.turnmytree.com megnevez\u00e9s\u0171 web\u00e1ruh\u00e1z\u00e1t m\u0171k\u00f6dteti (tov\u00e1bbiakban \u201eWeb\u00e1ruh\u00e1z\u201d) <\/p>\n<p>5. A fogyaszt\u00f3v\u00e9delem ter\u00e9n a t\u00f6rv\u00e9nyi fel\u00fcgyeletet ell\u00e1t\u00f3 illet\u00e9kes szerv:<br \/>\nemail: pr@soi.sk<\/p>\n<p>In\u0161pektor\u00e1t Slovenskej obchodnej in\u0161pekcie &#8211; Szlov\u00e1k Kereskedelmi Fel\u00fcgyelet fel\u00fcgyel\u0151s\u00e9ge<br \/>\nsz\u00e9khelye Kass\u00e1n, Kassa megye sz\u00e1m\u00e1ra<br \/>\nVr\u00e1tna 3, P. O. BOX A-35, 040 65  Ko\u0161ice 1<br \/>\nFel\u00fcgyeleti r\u00e9szleg:<br \/>\ntel. sz. 055\/729 07 05, 055\/622 76 55<br \/>\nfax sz. 055\/622 46 95<br \/>\nemail: ke@soi.sk, link a beadv\u00e1nyok beny\u00fajt\u00e1s\u00e1hoz: https:\/\/www.soi.sk\/sk\/Podavanie-podnetov-staznosti-navrhov-a-ziadosti\/Podajte-podnet.soi<\/p>\n<p>6. A panasz\u00e1t vagy \u00e9szrev\u00e9teleit a Vev\u0151 k\u00f6zvetlen\u00fcl az Elad\u00f3 c\u00edm\u00e9re is k\u00fcldheti. Az Elad\u00f3 egy\u00fattal azt tan\u00e1csolja a Vev\u0151nek, hogy a panaszait \u00e9s \u00e9szrev\u00e9teleit (az \u00fcgyint\u00e9z\u00e9s meggyors\u00edt\u00e1sa \u00e9rdek\u00e9ben) az Elad\u00f3nak az al\u00e1bbi c\u00edm\u00e9re k\u00fcldje: eva.neupauerova@alganic.eu<br \/>\nAz Elad\u00f3 minden panaszt vagy \u00e9szrev\u00e9telt a k\u00e9zhezv\u00e9tel\u00e9t\u0151l sz\u00e1m\u00edtott 10 munkanapon bel\u00fcl elb\u00edr\u00e1l \u00e9s rendezni fog. Ek\u00f6zben a rendez\u00e9s\u00e9r\u0151l az Elad\u00f3 a Vev\u0151t ugyanolyan form\u00e1ban t\u00e1j\u00e9koztatja, amilyenben a Vev\u0151 a panasz\u00e1t vagy \u00e9szrev\u00e9tel\u00e9t az Elad\u00f3nak k\u00e9zbes\u00edtette.<\/p>\n<p>7. A T.t. 102\/2014 sz. t\u00f6rv\u00e9ny 3 \u00a7 1. bek. n) pontja \u00e9rtelm\u00e9ben az Elad\u00f3 t\u00e1j\u00e9koztatja a fogyaszt\u00f3t, hogy nem l\u00e9tezik semmilyen olyan vonatkoz\u00f3 magatart\u00e1si k\u00f3dex, amelynek betart\u00e1s\u00e1t az Elad\u00f3 v\u00e1llalta.<\/p>\n<p>II. A term\u00e9k megrendel\u00e9se \u2013 az ad\u00e1sv\u00e9teli szerz\u0151d\u00e9s megk\u00f6t\u00e9se <\/p>\n<p>1. A Vev\u0151 r\u00e9sz\u00e9r\u0151l ad\u00e1sv\u00e9teli szerz\u0151d\u00e9s megk\u00f6t\u00e9si ir\u00e1nti javaslatnak min\u0151s\u00fcl, ha az Elad\u00f3 internetes port\u00e1lja felhaszn\u00e1l\u00e1s\u00e1val elk\u00fcldi a term\u00e9krendel\u00e9s\u00e9t az elektronikus rendel\u00e9si \u0171rlap seg\u00edts\u00e9g\u00e9vel, esetleg tov\u00e1bbi t\u00e1vk\u00f6zl\u00e9si eszk\u00f6z\u00f6k seg\u00edts\u00e9g\u00e9vel.<br \/>\n2. A Vev\u0151 \u00e9s Elad\u00f3 k\u00f6z\u00f6tti ad\u00e1sv\u00e9teli szerz\u0151d\u00e9s megk\u00f6t\u00e9s\u00e9re a Vev\u0151 azon rendel\u00e9s\u00e9nek Elad\u00f3 \u00e1ltali visszaigazol\u00e1s\u00e1val ker\u00fcl sor, amelyet a Vev\u0151 jelen \u00c1SZF II. cikke 1. pontja szerint hozott l\u00e9tre, az Elad\u00f3 igazol\u00e1st k\u00fcld a Vev\u0151nek a rendel\u00e9s elfogad\u00e1s\u00e1r\u00f3l (a Vev\u0151 \u00e1ltal megv\u00e1lasztott email c\u00edm\u00e9re).<br \/>\nMegj. az 1. \u00e9s 2. ponthoz &#8211; A szerz\u0151d\u00e9s ezekben az esetekben \u00fagy k\u00f6ttetik, hogy az \u00fcgyf\u00e9l kiv\u00e1lasztja az \u00e1rut, amelyet ezt k\u00f6vet\u0151en megrendel, mik\u00f6zben \u00e9ppen az \u00fcgyf\u00e9l megrendel\u00e9se tekintend\u0151 mag\u00e1nak a szerz\u0151d\u00e9stervezetnek. Azzal, hogy az elad\u00f3 az \u00fcgyf\u00e9lnek visszaigazol\u00f3 e-mailt k\u00fcld, ker\u00fcl sor a szerz\u0151d\u00e9s megk\u00f6t\u00e9s\u00e9re.<br \/>\n3. Az ad\u00e1sv\u00e9teli szerz\u0151d\u00e9s hat\u00e1rozott id\u0151re k\u00f6ttetik, \u00e9s az Elad\u00f3 \u00e9s Vev\u0151 minden k\u00f6telezetts\u00e9g\u00e9nek teljes\u00edt\u00e9s\u00e9vel sz\u0171nik meg.<br \/>\n4. Az Elad\u00f3 t\u00e1j\u00e9koztatja a Vev\u0151t, hogy a term\u00e9kek Vev\u0151 \u00e1ltali megrendel\u00e9se eset\u00e9n a rendel\u00e9s a Vev\u0151 sz\u00e1m\u00e1ra fizet\u00e9si k\u00f6telezetts\u00e9ggel j\u00e1r, m\u00e9gpedig olyan fizet\u00e9si form\u00e1ban, amilyet a Vev\u0151 v\u00e1lasztott.<br \/>\nIII. V\u00e9tel\u00e1r \u00e9s fizet\u00e9si felt\u00e9telek <\/p>\n<p>1. A Web\u00e1ruh\u00e1z seg\u00edts\u00e9g\u00e9vel megrendelt \u00e1ruk \u00e9s szolg\u00e1ltat\u00e1sok \u00e1ra (tov\u00e1bbiakban \u201ev\u00e9tel\u00e1r\u201d), minden egyes term\u00e9kre vonatkoz\u00f3an k\u00fcl\u00f6n van felt\u00fcntetve \u00e9s a Vev\u0151 rendel\u00e9s\u00e9nek l\u00e9trehoz\u00e1sa pillanat\u00e1ban \u00e9rv\u00e9nyes.<\/p>\n<p>2. Alapvet\u0151 fizet\u0151eszk\u00f6z az eur\u00f3 p\u00e9nznem. <\/p>\n<p>3. Az Elad\u00f3 web\u00e1ruh\u00e1z\u00e1ban felt\u00fcntetett \u00e1ruk vagy szolg\u00e1ltat\u00e1sok v\u00e9tel\u00e1ra az \u00e1ruk vagy szolg\u00e1ltat\u00e1sok teljes \u00e1ra az \u00f6sszes ad\u00f3t bele\u00e9rtve, mik\u00f6zben vil\u00e1gosan fel van t\u00fcntetve az Elad\u00f3 web\u00e1ruh\u00e1z\u00e1ban. Az \u00e1ruk vagy szolg\u00e1ltat\u00e1sok v\u00e9tel\u00e1ra nem tartalmazza a sz\u00e1ll\u00edt\u00e1si k\u00f6lts\u00e9geket, sem a term\u00e9kek lesz\u00e1ll\u00edt\u00e1s\u00e1val kapcsolatos egy\u00e9b k\u00f6lts\u00e9geket. Az Elad\u00f3 nem \u00e1faalany \/\u00c1ltal\u00e1nos forgalmi ad\u00f3\/.<br \/>\n4. A sz\u00e1ll\u00edt\u00e1si m\u00f3dok \u00e9s a sz\u00e1ll\u00edt\u00e1si m\u00f3dok inform\u00e1ci\u00f3i jelen \u00c1FSZ VII. cikk\u00e9nek 2. \u00e9s tov\u00e1bbi pontjaiban tal\u00e1lhat\u00f3k.<br \/>\n5. A fizet\u00e9si m\u00f3dok \u00e9s a fizet\u00e9si m\u00f3dok inform\u00e1ci\u00f3k jelen \u00c1FSZ IV. cikk\u00e9nek 1. \u00e9s tov\u00e1bbi pontjaiban tal\u00e1lhat\u00f3k.<\/p>\n<p>IV. Fizet\u00e9si m\u00f3d<br \/>\n1. Az Elad\u00f3 Web\u00e1ruh\u00e1z\u00e1ban az \u00e1ru\u00e9rt \u00e9s szolg\u00e1ltat\u00e1sok\u00e9rt az al\u00e1bbi m\u00f3dokon lehet fizetni:<br \/>\n1.1 bankk\u00e1rty\u00e1val fizet\u00e9si kapu seg\u00edts\u00e9g\u00e9vel \u2013 \u00e1ra 0 eur\u00f3<br \/>\n1.2 fizet\u00e9s az Elad\u00f3 sz\u00e1ml\u00e1j\u00e1ra val\u00f3 befizet\u00e9ssel vagy \u00e1tutal\u00e1ssal \u2013 \u00e1ra 0 eur\u00f3<br \/>\n1.3 fizet\u00e9s a PayPal szolg\u00e1ltat\u00e1s seg\u00edts\u00e9g\u00e9vel \u2013 \u00e1ra 0 eur\u00f3<br \/>\nV. A term\u00e9kek lesz\u00e1ll\u00edt\u00e1sa<\/p>\n<p>1. Az Elad\u00f3 a rendel\u00e9s teljes\u00edt\u00e9s\u00e9t \u00e9s a Vev\u0151 r\u00e9sz\u00e9re az \u00e1ruk vagy szolg\u00e1ltat\u00e1sok lesz\u00e1ll\u00edt\u00e1s\u00e1t legk\u00e9s\u0151bb az ad\u00e1sv\u00e9teli szerz\u0151d\u00e9s megk\u00f6t\u00e9s\u00e9t\u0151l sz\u00e1m\u00edtott 60 napon bel\u00fcl k\u00f6teles megval\u00f3s\u00edtani, a jelen \u00c1SZF II. cikk\u00e9nek 2. \u00e9s tov\u00e1bbi pontjaival \u00f6sszhangban. Azonban a szokv\u00e1nyos hat\u00e1rid\u0151, amely sor\u00e1n az Elad\u00f3 az \u00e1rut vagy szolg\u00e1ltat\u00e1sokat feladja, az ad\u00e1sv\u00e9teli szerz\u0151d\u00e9s megk\u00f6t\u00e9s\u00e9t\u0151l sz\u00e1m\u00edtott 5-14 munkanap, jelen \u00c1SZF II. cikk\u00e9nek 2. pontja \u00e9rtelm\u00e9ben.<br \/>\n1.2 Az Elad\u00f3 k\u00f6teles a term\u00e9keket a Vev\u0151nek a megrendelt mennyis\u00e9gben \u00e9s min\u0151s\u00e9gben lesz\u00e1ll\u00edtani, a rendel\u00e9sre vonatkoz\u00f3 ad\u00f3okiratokkal \u00e9s egy\u00e9b iratokkal egy\u00fctt, amennyiben azok l\u00e9teznek \u00e9s az adott \u00e1rukra \u00e9s szolg\u00e1ltat\u00e1sokra jellemz\u0151ek.<br \/>\n2. A megrendelt term\u00e9k k\u00e9zbes\u00edt\u00e9si helye a Vev\u0151 rendel\u00e9sben felt\u00fcntetett c\u00edme.<br \/>\n3. A term\u00e9k k\u00e9zbes\u00edt\u00e9s\u00e9t az Elad\u00f3 saj\u00e1t eszk\u00f6zeivel val\u00f3s\u00edtja meg a Vev\u0151 (vagy a Vev\u0151 \u00e1ltal a term\u00e9k \u00e1tv\u00e9tel\u00e9re \u00edr\u00e1sban meghatalmazott szem\u00e9ly) kez\u00e9be, illetve harmadik szem\u00e9lyek (sz\u00e1ll\u00edt\u00f3- \u00e9s fuvaroz\u00f3 v\u00e1llalatok) seg\u00edts\u00e9g\u00e9vel.<br \/>\n4. A term\u00e9k k\u00e9zbes\u00edt\u00e9se a Vev\u0151 (vagy a Vev\u0151 \u00e1ltal a term\u00e9k \u00e1tv\u00e9tel\u00e9re \u00edr\u00e1sban meghatalmazott szem\u00e9ly) \u00e1ltali \u00e1tv\u00e9tel\u00e9vel val\u00f3sul meg.<br \/>\n5. Az Elad\u00f3 azt a term\u00e9ket, amely azonnal hozz\u00e1f\u00e9rhet\u0151, elk\u00fcldheti az Elad\u00f3nak, a rendel\u00e9s fennmarad\u00f3 r\u00e9sz\u00e9t pedig olyan p\u00f3that\u00e1rid\u0151ben, amely \u00f6sszhangban van a jelen \u00c1SZF szerinti k\u00e9zbes\u00edt\u00e9si hat\u00e1rid\u0151vel, azonban csak azzal a felt\u00e9tellel, hogy a Vev\u0151nek nem sz\u00e1mol fel ez\u00e9rt t\u00f6bbletk\u00f6lts\u00e9geket, \u00e9s csak abban az esetben, ha ezzel a Vev\u0151 egyet\u00e9rt.<\/p>\n<p>VI. A term\u00e9k \u00e1tv\u00e9tele<\/p>\n<p>1. A term\u00e9k s\u00e9r\u00fcl\u00e9s\u00e9nek vesz\u00e9lye \u00e9s a term\u00e9k k\u00e1rfelel\u0151ss\u00e9ge a Vev\u0151re csak a term\u00e9k rendes \u00e1tv\u00e9tel\u00e9vel sz\u00e1ll \u00e1t, mik\u00f6zben nem l\u00e9nyeges, hogy a Vev\u0151 a term\u00e9ket szem\u00e9lyesen veszi \u00e1t, vagy pedig megb\u00edzott\/meghatalmazott harmadik szem\u00e9ly seg\u00edts\u00e9g\u00e9vel.<br \/>\n2. A term\u00e9k tulajdonjoga az Elad\u00f3r\u00f3l a Vev\u0151re a term\u00e9k vagy szolg\u00e1ltat\u00e1s k\u00e9zbes\u00edt\u00e9se \u00e9s Vev\u0151 \u00e1ltali rendes \u00e1tv\u00e9tele pillanat\u00e1ban megy \u00e1t.<br \/>\n2.1 A Vev\u0151 egyebek mellett jogosult a term\u00e9k sz\u00e1ll\u00edt\u00f3t\u00f3l val\u00f3 \u00e1tv\u00e9tel\u00e9t elutas\u00edtani, k\u00fcl\u00f6n\u00f6sen, ha a lesz\u00e1ll\u00edtott term\u00e9k m\u00e1s t\u00edpus\u00fa vagy az al\u00e1bbi esetekben \/a felsorol\u00e1s csak demonstrat\u00edv jelleg\u0171, \u00e9s nem \u00e9rinti a Vev\u0151 tov\u00e1bbi jogait a term\u00e9k \u00e1tv\u00e9tel\u00e9nek elutas\u00edt\u00e1s\u00e1ra\/:<br \/>\na) olyan t\u00e1rgy lesz\u00e1ll\u00edt\u00e1sa, amely az ad\u00e1sv\u00e9teli szerz\u0151d\u00e9ssel ellenkezik (m\u00e1s vagy s\u00e9r\u00fclt t\u00e1rgy),<br \/>\nb) a t\u00e1rgy s\u00e9r\u00fclt csomagol\u00e1sban val\u00f3 lesz\u00e1ll\u00edt\u00e1sa vagy,<br \/>\nc) a t\u00e1rgy megfelel\u0151 iratok n\u00e9lk\u00fcli lesz\u00e1ll\u00edt\u00e1sa.<br \/>\n2.2 Amennyiben a t\u00e1rgy Vev\u0151nek val\u00f3 lesz\u00e1ll\u00edt\u00e1s\u00e1ra ezen cikk 2.1 pontja a) alpontja szerint ker\u00fcl sor, a Vev\u0151nek egyebek mellett joga van arra, hogy az Elad\u00f3 a Vev\u0151 sz\u00e1m\u00e1ra az ad\u00e1sv\u00e9teli szerz\u0151d\u00e9sben megegyezett felt\u00e9telek szerinti term\u00e9ket sz\u00e1ll\u00edtson le t\u00e9r\u00edt\u00e9smentesen \u00e9s f\u00f6l\u00f6sleges k\u00e9sedelem n\u00e9lk\u00fcl, m\u00e9gpedig a t\u00e1rgy cser\u00e9je vagy megjav\u00edt\u00e1sa \u00fatj\u00e1n. Ha ilyen elj\u00e1r\u00e1s nem lehets\u00e9ges, a Vev\u0151 jogosult v\u00e9tel\u00e1rkedvezm\u00e9nyt k\u00e9rni, vagy el\u00e1llni a szerz\u0151d\u00e9st\u0151l.<br \/>\n3. Az Elad\u00f3nak joga van a rendel\u00e9s v\u00e9tel\u00e1r\u00e1nak Vev\u0151 \u00e1ltali rendben \u00e9s id\u0151ben t\u00f6rt\u00e9n\u0151 megfizet\u00e9s\u00e9re a lesz\u00e1ll\u00edtott \u00e1ru\u00e9rt.<br \/>\nVII. Sz\u00e1ll\u00edt\u00e1si d\u00edj \u2013 a term\u00e9kek sz\u00e1ll\u00edt\u00e1si m\u00f3djai \u00e9s a sz\u00e1ll\u00edt\u00e1suk \u00e1ra <\/p>\n<p>1. Az Elad\u00f3 sz\u00e1ll\u00edt\u00e1si k\u00f6lts\u00e9geit az \u00e1ru internetes oldalon felt\u00fcntetett \u00e1ra nem tartalmazza. A sz\u00e1ll\u00edt\u00e1si m\u00f3dokat jelen \u00c1SZF VII. cikk\u00e9nek 2.1 \u00e9s tov. pontjai tartalmazz\u00e1k, mik\u00f6zben a felt\u00fcntetett sz\u00e1ll\u00edt\u00e1si m\u00f3dok \u00e1rai a jelen \u00c1SZF VII. cikk\u00e9nek 2.2 \u00e9s tov. pontjaiban tal\u00e1lhat\u00f3ak.<br \/>\n2. A megrendelt term\u00e9kek sz\u00e1ll\u00edt\u00e1si m\u00f3djai \u00e9s a sz\u00e1ll\u00edt\u00e1s \u00e1ra:<br \/>\n2.1. Sz\u00e1ll\u00edt\u00e1si m\u00f3d:<br \/>\n2.1.1 Fut\u00e1rszolg\u00e1lat<br \/>\n2.2 Sz\u00e1ll\u00edt\u00e1s \u00e1ra:<br \/>\n2.2.1 Fut\u00e1rszolg\u00e1lat seg\u00edts\u00e9g\u00e9vel megval\u00f3sul\u00f3 sz\u00e1ll\u00edt\u00e1s \u00e1ra \u2013 3 eur\u00f3<br \/>\nVIII. A Vev\u0151 el\u00e1ll\u00e1sa az ad\u00e1sv\u00e9teli szerz\u0151d\u00e9st\u0151l, indok megad\u00e1sa n\u00e9lk\u00fcl<br \/>\n1. A Fogyaszt\u00f3 indok megad\u00e1sa n\u00e9lk\u00fcl jogosult el\u00e1llni a szerz\u0151d\u00e9st\u0151l az \u00e1ru \u00e1tv\u00e9tel\u00e9t\u0151l sz\u00e1m\u00edtott 14 napt\u00e1ri napon bel\u00fcl, amennyiben az Elad\u00f3 rendben \u00e9s id\u0151ben teljes\u00edtette a m\u00f3dos\u00edtott T.t. 102\/2014 sz. t\u00f6rv\u00e9ny 3 \u00a7 1. bek. h) pont szerinti t\u00e1j\u00e9koztat\u00e1si k\u00f6telezetts\u00e9geit.<br \/>\nHa az Elad\u00f3 id\u0151ben \u00e9s rendben megadta a fogyaszt\u00f3nak a szerz\u0151d\u00e9st\u0151l val\u00f3 el\u00e1ll\u00e1sra vonatkoz\u00f3 t\u00e1j\u00e9koztat\u00e1st a m\u00f3dos\u00edtott T.t. 102\/2014 sz. t\u00f6rv\u00e9ny 3 \u00a7 1. bek. h) pontja szerint, a fogyaszt\u00f3 indok megad\u00e1sa n\u00e9lk\u00fcl jogosult el\u00e1llni a t\u00e1voll\u00e9v\u0151k k\u00f6z\u00f6tt megk\u00f6t\u00f6tt szerz\u0151d\u00e9st\u0151l, vagy az Elad\u00f3 \u00fczlethelyis\u00e9gein k\u00edv\u00fcl megk\u00f6t\u00f6tt szerz\u0151d\u00e9st\u0151l, 14 napon bel\u00fcl, az al\u00e1bbiakt\u00f3l sz\u00e1m\u00edtva:<\/p>\n<p>a) az \u00e1ru \u00e1tv\u00e9tele jelen \u00c1SZF VIII. cikk 1a. pontja szerint olyan szerz\u0151d\u00e9sek eset\u00e9n, amelyek t\u00e1rgya \u00e1ru \u00e9rt\u00e9kes\u00edt\u00e9se is,<\/p>\n<p>b) szolg\u00e1ltat\u00e1s ny\u00fajt\u00e1s\u00e1r\u00f3l sz\u00f3l\u00f3 szerz\u0151d\u00e9s megk\u00f6t\u00e9se vagy<\/p>\n<p>c) nem t\u00e1rgyi adathordoz\u00f3n r\u00f6gz\u00edtett digit\u00e1lis tartalom szolg\u00e1ltat\u00e1s\u00e1ra vonatkoz\u00f3 szerz\u0151d\u00e9s megk\u00f6t\u00e9se.<\/p>\n<p>1a. Az \u00e1ru akkor tekintend\u0151 a fogyaszt\u00f3 \u00e1ltal \u00e1tvettnek, amikor a fogyaszt\u00f3 vagy az \u00e1ltala meghat\u00e1rozott harmadik szem\u00e9ly, a sz\u00e1ll\u00edt\u00f3 kiv\u00e9tel\u00e9vel, \u00e1tveszi a megrendelt \u00e1ru minden r\u00e9sz\u00e9t, vagy ha<\/p>\n<p>a) a fogyaszt\u00f3 \u00e1ltal egy megrendel\u00e9sben megrendelt \u00e1rut k\u00fcl\u00f6n sz\u00e1ll\u00edtj\u00e1k, annak az \u00e1runak az \u00e1tv\u00e9tele pillanat\u00e1val, amelyet utols\u00f3k\u00e9nt sz\u00e1ll\u00edtottak le,<\/p>\n<p>b) t\u00f6bb darabb\u00f3l vagy r\u00e9szb\u0151l \u00e1ll\u00f3 \u00e1ru lesz\u00e1ll\u00edt\u00e1sa eset\u00e9n az utols\u00f3 r\u00e9sz vagy utols\u00f3 darab \u00e1tv\u00e9tel\u00e9nek pillanat\u00e1val.<\/p>\n<p>c) az \u00e1ru egy bizonyos id\u0151szakon bel\u00fcli ism\u00e9telten t\u00f6rt\u00e9n\u0151 lesz\u00e1ll\u00edt\u00e1sa eset\u00e9n, az els\u0151 lesz\u00e1ll\u00edtott \u00e1ru \u00e1tv\u00e9tel\u00e9nek pillanat\u00e1val.<\/p>\n<p>1.1 Ha az Elad\u00f3 a fogyaszt\u00f3nak a m\u00f3dos\u00edtott T.t. 102\/2014 sz. t\u00f6rv\u00e9ny 3 \u00a7 1. bek. h) pontja szerint csak ut\u00f3lag ny\u00fajtott t\u00e1j\u00e9koztat\u00e1st, legk\u00e9s\u0151bb azonban a szerz\u0151d\u00e9st\u0151l val\u00f3 el\u00e1ll\u00e1sra kijel\u00f6lt hat\u00e1rid\u0151nek a kezdet\u00e9t\u0151l sz\u00e1m\u00edtott 12 h\u00f3napig jelen \u00c1SZF VIII. cikk\u00e9nek 1. pontja szerint, a szerz\u0151d\u00e9st\u0151l val\u00f3 el\u00e1ll\u00e1sra kijel\u00f6lt hat\u00e1rid\u0151 azon napt\u00f3l sz\u00e1m\u00edtott 14 napot k\u00f6vet\u0151en telik le, amikor az Elad\u00f3 ut\u00f3lag teljes\u00edtette a t\u00e1j\u00e9koztat\u00e1si k\u00f6telezetts\u00e9g\u00e9t.<\/p>\n<p>1.2 Ha az Elad\u00f3 a fogyaszt\u00f3nak a m\u00f3dos\u00edtott T.t. 102\/2014 sz. t\u00f6rv\u00e9ny 3 \u00a7 1. bek. h) pontja szerint ut\u00f3lagos hat\u00e1rid\u0151ben sem ny\u00fajtott t\u00e1j\u00e9koztat\u00e1st jelen \u00c1SZF VIII. cikk\u00e9nek 1.1 pontja szerint, a szerz\u0151d\u00e9st\u0151l val\u00f3 el\u00e1ll\u00e1sra kijel\u00f6lt hat\u00e1rid\u0151 a jelen \u00c1SZF VIII. cikk\u00e9nek 1.  pontja szerinti hat\u00e1rid\u0151 kezd\u0151napj\u00e1t\u00f3l sz\u00e1m\u00edtott 12 h\u00f3napot \u00e9s 14 napot k\u00f6vet\u0151en telik le.<\/p>\n<p>1.3 A fogyaszt\u00f3 azon szerz\u0151d\u00e9st\u0151l, amelynek t\u00e1rgy\u00e1t \u00e1ru lesz\u00e1ll\u00edt\u00e1sa k\u00e9pezi, a szerz\u0151d\u00e9st\u0151l val\u00f3 el\u00e1ll\u00e1sra kijel\u00f6lt hat\u00e1rid\u0151 kezdete el\u0151tt is el\u00e1llhat.<\/p>\n<p>2. A fogyaszt\u00f3 legal\u00e1bb a szerz\u0151d\u00e9st\u0151l val\u00f3 el\u00e1ll\u00e1s napj\u00e1t\u00f3l sz\u00e1m\u00edtott 14 napon bel\u00fcl k\u00f6teles visszak\u00fcldeni vagy visszaszolg\u00e1ltatni az \u00e1rut az Elad\u00f3nak, vagy az Elad\u00f3 \u00e1ltal az \u00e1ru \u00e1tv\u00e9tel\u00e9vel megb\u00edzott szem\u00e9lynek. Ez nem \u00e9rv\u00e9nyes, ha az Elad\u00f3 azt javasolja, hogy az \u00e1rut szem\u00e9lyesen, vagy az \u00e1ltala megb\u00edzott szem\u00e9ly \u00e1ltal veszi \u00e1t. Az els\u0151 mondat szerinti hat\u00e1rid\u0151 betartottnak tekintend\u0151, ha az \u00e1rut legk\u00e9s\u0151bb a hat\u00e1rid\u0151 utols\u00f3 napj\u00e1n adt\u00e1k \u00e1t a sz\u00e1ll\u00edt\u00e1sra. (T.t. 102\/2014 sz. t\u00f6rv\u00e9ny 10 \u00a7 1. bekezd\u00e9se).<\/p>\n<p>3. A fogyaszt\u00f3, amennyiben ezzel a jog\u00e1val \u00e9lni k\u00edv\u00e1n, k\u00f6teles a szerz\u0151d\u00e9st\u0151l val\u00f3 el\u00e1ll\u00e1st legk\u00e9s\u0151bb a hat\u00e1rid\u0151 utols\u00f3 meghat\u00e1rozott napj\u00e1n k\u00f6z\u00f6lni az Elad\u00f3val. A szerz\u0151d\u00e9st\u0151l val\u00f3 el\u00e1ll\u00e1sra kijel\u00f6lt hat\u00e1rid\u0151 betartottnak tekintend\u0151, ha a szerz\u0151d\u00e9st\u0151l val\u00f3 el\u00e1ll\u00e1sr\u00f3l sz\u00f3l\u00f3 \u00e9rtes\u00edt\u00e9st legk\u00e9s\u0151bb a hat\u00e1rid\u0151 utols\u00f3 napj\u00e1n elk\u00fcldt\u00e9k az Elad\u00f3nak, az al\u00e1bbi c\u00edmre:<br \/>\nQuantensprung s.r.o., Al\u017ebetina 2; 04041  Ko\u0161ice<br \/>\nEzt a jog\u00e1t a fogyaszt\u00f3 az Elad\u00f3 b\u00e1rmely telephely\u00e9n is \u00e9rv\u00e9nyes\u00edtheti. <\/p>\n<p>4. Az ad\u00e1sv\u00e9teli szerz\u0151d\u00e9st\u0151l val\u00f3 el\u00e1ll\u00e1s az Elad\u00f3n\u00e1l \u00edr\u00e1sbeli (pap\u00edralap\u00fa) form\u00e1ban vagy egy\u00e9b tart\u00f3s adathordoz\u00f3n megval\u00f3s\u00edtott \u00edr\u00e1sbeli form\u00e1ban \u00e9rv\u00e9nyes\u00edthet\u0151. A szerz\u0151d\u00e9st\u0151l val\u00f3 el\u00e1ll\u00e1s az El\u00e1ll\u00e1si \u0171rlap seg\u00edts\u00e9g\u00e9vel is megval\u00f3s\u00edthat\u00f3, amely az Elad\u00f3 honlapj\u00e1n \u00e9rhet\u0151 el. A fogyaszt\u00f3 sz\u00f3ban is el\u00e1llhat a szerz\u0151d\u00e9st\u0151l, m\u00e9gpedig a szerz\u0151d\u00e9st\u0151l val\u00f3 el\u00e1ll\u00e1sr\u00f3l sz\u00f3l\u00f3 egy\u00e9rtelm\u0171en megfogalmazott sz\u00f3beli nyilatkozat\u00e1val. Javasoljuk, hogy a fogyaszt\u00f3 a szerz\u0151d\u00e9st\u0151l val\u00f3 el\u00e1ll\u00e1sban t\u00fcntesse fel a rendel\u00e9si sz\u00e1mot, a v\u00e1s\u00e1rl\u00e1s d\u00e1tum\u00e1t, az \u00e1ru t\u00edpus\u00e1t, amelyt\u0151l el\u00e1ll, a vezet\u00e9k- \u00e9s ut\u00f3nev\u00e9t, a c\u00edmet \u00e9s esetleg a sz\u00e1mlasz\u00e1mot is, amelyre mindazokat a kifizet\u00e9seket visszafizetik a sz\u00e1m\u00e1ra, amelyeket a szerz\u0151d\u00e9sb\u0151l, amelyt\u0151l el\u00e1ll, az Elad\u00f3nak kifizetett, amennyiben \u00fagy d\u00f6nt, hogy az \u00e1ru\u00e9rt megval\u00f3s\u00edtott kifizet\u00e9s\u00e9t a megadott banksz\u00e1mlasz\u00e1mra k\u00e9ri visszak\u00fcldeni. Ellenkez\u0151 esetben az Elad\u00f3 az \u00e1ru\u00e9rt megval\u00f3s\u00edtott kifizet\u00e9st ugyanolyan m\u00f3don adja vissza, mint amilyenen a fogyaszt\u00f3 a fizet\u00e9st megval\u00f3s\u00edtotta.<br \/>\n5. A szerz\u0151d\u00e9st\u0151l val\u00f3 el\u00e1ll\u00e1ssal a szerz\u0151d\u0151 felek k\u00f6telesek egym\u00e1snak visszaszolg\u00e1ltatni a ny\u00fajtott teljes\u00edt\u00e9seket. A fogyaszt\u00f3 csak az \u00e1ru olyan \u00e9rt\u00e9kcs\u00f6kken\u00e9s\u00e9\u00e9rt felel, amely az \u00e1ruval t\u00f6rt\u00e9n\u0151 olyan b\u00e1n\u00e1sm\u00f3d k\u00f6vetkezt\u00e9ben keletkezett, amely az \u00e1ru tulajdons\u00e1gainak \u00e9s m\u0171k\u00f6d\u0151k\u00e9pess\u00e9g\u00e9nek meg\u00e1llap\u00edt\u00e1s\u00e1hoz sz\u00fcks\u00e9ges b\u00e1n\u00e1sm\u00f3d keret\u00e9t meghaladja. A fogyaszt\u00f3 nem felel az \u00e1ru \u00e9rt\u00e9k\u00e9nek cs\u00f6kken\u00e9s\u00e9\u00e9rt, ha az Elad\u00f3 nem teljes\u00edtette a t\u00e1j\u00e9koztat\u00e1si k\u00f6telezetts\u00e9g\u00e9t a fogyaszt\u00f3 szerz\u0151d\u00e9st\u0151l val\u00f3 el\u00e1ll\u00e1s jog\u00e1r\u00f3l a T.t. 102\/2014 sz. t\u00f6rv\u00e9ny 3  \u00a7 1. bek. h) pontja \u00e9rtelm\u00e9ben.<\/p>\n<p>6. A fogyaszt\u00f3 a szerz\u0151d\u00e9st\u0151l val\u00f3 indok megad\u00e1sa n\u00e9lk\u00fcli el\u00e1ll\u00e1shoz az ad\u00e1sv\u00e9teli szerz\u0151d\u00e9st\u0151l val\u00f3 el\u00e1ll\u00e1s \u0171rlapj\u00e1t haszn\u00e1lhatja. Ez az \u0171rlap szabadon hozz\u00e1f\u00e9rhet\u0151 az Elad\u00f3 internetes oldal\u00e1n.<br \/>\n7. Ha a fogyaszt\u00f3 a szerz\u0151d\u00e9st\u0151l a T.t. 102\/2014 sz. t\u00f6rv\u00e9ny \u00e9rtelm\u00e9ben \u00e1ll el, viseli az \u00e1ru Elad\u00f3nak val\u00f3 visszaszolg\u00e1ltat\u00e1sa k\u00f6lts\u00e9geit a T.t. 102\/2014 sz. t\u00f6rv\u00e9ny 10 \u00a7 3. bek. szerint, \u00e9s ha t\u00e1voll\u00e9v\u0151k k\u00f6z\u00f6tt megk\u00f6t\u00f6tt szerz\u0151d\u00e9st\u0151l \u00e1ll el, akkor az \u00e1ru visszaszolg\u00e1ltat\u00e1s\u00e1nak k\u00f6lts\u00e9geit is, amely a jelleg\u00e9re val\u00f3 tekintettel postai \u00faton nem szolg\u00e1ltathat\u00f3 vissza. Ez nem \u00e9rv\u00e9nyes, ha az Elad\u00f3 beleegyezett abba, hogy ezeket a k\u00f6lts\u00e9geket \u0151 viseli, vagy ha nem teljes\u00edtette a T.t. 102\/2014 sz. t\u00f6rv\u00e9ny 3 \u00a7 1. bek. i) pontja szerinti k\u00f6telezetts\u00e9geit.<br \/>\n8. Az Elad\u00f3 k\u00f6teles f\u00f6l\u00f6sleges k\u00e9sedelem n\u00e9lk\u00fcl, legk\u00e9s\u0151bb a szerz\u0151d\u00e9st\u0151l val\u00f3 el\u00e1ll\u00e1s k\u00f6zl\u00e9s\u00e9nek k\u00e9zbes\u00edt\u00e9s\u00e9t\u0151l sz\u00e1m\u00edtott 14 napon bel\u00fcl visszafizetni a fogyaszt\u00f3nak mindazokat a kifizet\u00e9seket, amelyeket t\u0151le a szerz\u0151d\u00e9s alapj\u00e1n vagy azzal \u00f6sszef\u00fcgg\u00e9sben fogadott, bele\u00e9rtve a sz\u00e1ll\u00edt\u00e1si, k\u00e9zbes\u00edt\u00e9si, postai \u00e9s egy\u00e9b k\u00f6lts\u00e9geket \u00e9s illet\u00e9keket; ezzel nem \u00e9rintett a t\u00e1voll\u00e9v\u0151k k\u00f6z\u00f6tt, vagy az Elad\u00f3 \u00fczlethelyis\u00e9g\u00e9n k\u00edv\u00fcl megk\u00f6t\u00f6tt szerz\u0151d\u00e9sen alapul\u00f3 \u00e1ru \u00e9rt\u00e9kes\u00edt\u00e9se vagy szolg\u00e1ltat\u00e1s ny\u00fajt\u00e1sa eset\u00e9n a fogyaszt\u00f3k v\u00e9delm\u00e9r\u0151l sz\u00f3l\u00f3  T.t. 102\/2014 sz. t\u00f6rv\u00e9ny 8 \u00a7 5. bekezd\u00e9s\u00e9nek rendelkez\u00e9se.<br \/>\n9. A T.t. 102\/2014 sz.  t\u00f6rv\u00e9ny 9 \u00a7 3. bek. \u00e9rtelm\u00e9ben az Elad\u00f3 nem k\u00f6teles megt\u00e9r\u00edteni a fogyaszt\u00f3 t\u00f6bbletk\u00f6lts\u00e9geit, ha a fogyaszt\u00f3 az Elad\u00f3 \u00e1ltal k\u00edn\u00e1lt legolcs\u00f3bb szokv\u00e1nyos k\u00e9zbes\u00edt\u00e9si m\u00f3dt\u00f3l kifejezetten m\u00e1s k\u00e9zbes\u00edt\u00e9si m\u00f3dot v\u00e1lasztott. T\u00f6bbletk\u00f6lts\u00e9g alatt a fogyaszt\u00f3 \u00e1ltal v\u00e1lasztott k\u00e9zbes\u00edt\u00e9s k\u00f6lts\u00e9gei \u00e9s az Elad\u00f3 \u00e1ltal k\u00edn\u00e1lt legolcs\u00f3bb szokv\u00e1nyos k\u00e9zbes\u00edt\u00e9si m\u00f3d k\u00f6lts\u00e9gei k\u00f6z\u00f6tti k\u00fcl\u00f6nbs\u00e9g \u00e9rtend\u0151.<br \/>\n10. A fogyaszt\u00f3 jogosult az \u00e1ru visszaszolg\u00e1ltat\u00e1s\u00e1t, amelyet \u00e9rt\u00e9kes\u00edt\u00e9si akci\u00f3 sor\u00e1n megk\u00f6t\u00f6tt szerz\u0151d\u00e9s alapj\u00e1n vagy azzal kapcsolatosan szerzett, mindaddig megtagadni az Elad\u00f3nak, am\u00edg az Elad\u00f3 a fogyaszt\u00f3nak vissza nem fizeti a kifizetett \u00e1rat vagy az \u00e1ru vagy szolg\u00e1ltat\u00e1s kifizetett el\u0151leg\u00e9t.<\/p>\n<p>11.Az ad\u00e1sv\u00e9teli szerz\u0151d\u00e9st\u0151l val\u00f3 el\u00e1ll\u00e1s eset\u00e9n ut\u00e1nv\u00e9ttel k\u00fcld\u00f6tt k\u00fcldem\u00e9nyeket nem fogjuk \u00e1tvenni A Vev\u0151knek a k\u00fcldem\u00e9nyeket aj\u00e1nlva vagy hasonl\u00f3 form\u00e1ban javasoljuk k\u00fcldeni, az ut\u00e1nv\u00e9t \u00e1r\u00e1nak felt\u00fcntet\u00e9se n\u00e9lk\u00fcl.<\/p>\n<p>12. A szerz\u0151d\u00e9st\u0151l val\u00f3 el\u00e1ll\u00e1sn\u00e1l a fogyaszt\u00f3 csak az Elad\u00f3nak vagy az \u00e1ru \u00e1tv\u00e9tel\u00e9vel az Elad\u00f3 r\u00e9sz\u00e9r\u0151l megb\u00edzott szem\u00e9lynek val\u00f3 visszaszolg\u00e1ltat\u00e1sa k\u00f6lts\u00e9geit viseli. Ez nem \u00e9rv\u00e9nyes, ha az Elad\u00f3 hozz\u00e1j\u00e1rult ahhoz, hogy ezeket a k\u00f6lts\u00e9geket \u0151 maga viseli, vagy ha nem teljes\u00edtette a t\u00e1voll\u00e9v\u0151k k\u00f6z\u00f6tt, vagy az Elad\u00f3 \u00fczlethelyis\u00e9g\u00e9n k\u00edv\u00fcl megk\u00f6t\u00f6tt szerz\u0151d\u00e9sen alapul\u00f3 \u00e1ru \u00e9rt\u00e9kes\u00edt\u00e9se vagy szolg\u00e1ltat\u00e1s ny\u00fajt\u00e1sa eset\u00e9n a fogyaszt\u00f3k v\u00e9delm\u00e9r\u0151l sz\u00f3l\u00f3 t\u00f6rv\u00e9ny 3 \u00a7 1. bek. i) pontj\u00e1nak rendelkez\u00e9seit.<br \/>\n13. A T.t. 102\/2014 sz. t\u00f6rv\u00e9ny 1, 3-5 \u00e9s 9 \u00a7 3. bek. rendelkez\u00e9seiben felt\u00fcntetett k\u00f6telezetts\u00e9geken k\u00edv\u00fcl a fogyaszt\u00f3 szerz\u0151d\u00e9st\u0151l val\u00f3 el\u00e1ll\u00e1sra val\u00f3 jog\u00e1nak \u00e9rv\u00e9nyes\u00edt\u00e9se nem okozhat tov\u00e1bbi k\u00f6lts\u00e9gek sem egy\u00e9b k\u00f6telezetts\u00e9gek keletkez\u00e9s\u00e9t a fogyaszt\u00f3nak.<\/p>\n<p>14. A szerz\u0151d\u00e9st\u0151l val\u00f3 el\u00e1ll\u00e1s joga nem \u00e9rv\u00e9nyes\u00edthet\u0151 olyan \u00e1ruk \u00e9s szolg\u00e1ltat\u00e1sok eset\u00e9n, amelyeket a T.t. 102\/2014 sz.  t\u00f6rv\u00e9ny 7 \u00a7 6. bek.  a)-l) pontjai defini\u00e1lnak.<br \/>\nKonkr\u00e9tan:<br \/>\na) olyan szolg\u00e1ltat\u00e1s ny\u00fajt\u00e1sa, amelynek ny\u00fajt\u00e1sa a fogyaszt\u00f3 kifejezett hozz\u00e1j\u00e1rul\u00e1s\u00e1val kezd\u0151d\u00f6tt meg, \u00e9s a fogyaszt\u00f3 kijelentette, hogy rendben t\u00e1j\u00e9koztatt\u00e1k arr\u00f3l, hogy ennek a hozz\u00e1j\u00e1rul\u00e1snak a kifejez\u00e9s\u00e9vel elvesz\u00edti a szerz\u0151d\u00e9st\u0151l val\u00f3 el\u00e1ll\u00e1s jog\u00e1t a szolg\u00e1ltat\u00e1s teljes ny\u00fajt\u00e1s\u00e1t k\u00f6vet\u0151en, amennyiben a szolg\u00e1ltat\u00e1s teljes ny\u00fajt\u00e1s\u00e1ra sor ker\u00fclt,<br \/>\nb) olyan \u00e1ru \u00e9rt\u00e9kes\u00edt\u00e9se vagy szolg\u00e1ltat\u00e1s ny\u00fajt\u00e1sa, amelyek \u00e1ra a p\u00e9nz\u00fcgyi piacok \u00e1rmozg\u00e1s\u00e1t\u00f3l f\u00fcgg, amit az Elad\u00f3 nem tud befoly\u00e1solni \u00e9s amelyre a szerz\u0151d\u00e9st\u0151l val\u00f3 el\u00e1ll\u00e1sra nyitva \u00e1ll\u00f3 hat\u00e1rid\u0151 sor\u00e1n ker\u00fcl sor,<br \/>\nc) a fogyaszt\u00f3 egyedi k\u00edv\u00e1ns\u00e1gai alapj\u00e1n l\u00e9trehozott \u00e1ru \u00e9rt\u00e9kes\u00edt\u00e9se, m\u00e9retre gy\u00e1rtott \u00e1ru vagy kifejezetten egyetlen fogyaszt\u00f3 sz\u00e1m\u00e1ra sz\u00e1nt \u00e1ru \u00e9rt\u00e9kes\u00edt\u00e9se,<br \/>\nd) olyan \u00e1ru \u00e9rt\u00e9kes\u00edt\u00e9se, amelyre gyors min\u0151s\u00e9groml\u00e1s vagy roml\u00e1s jellemz\u0151,<br \/>\ne) v\u00e9d\u0151csomagol\u00e1sba z\u00e1rt \u00e1ru \u00e9rt\u00e9kes\u00edt\u00e9se, amely eg\u00e9szs\u00e9gv\u00e9delmi vagy higi\u00e9niai okokb\u00f3l nem visszaszolg\u00e1ltathat\u00f3, \u00e9s amelynek v\u00e9d\u0151csomagol\u00e1sa a k\u00e9zbes\u00edt\u00e9st k\u00f6vet\u0151en megs\u00e9r\u00fclt,<br \/>\nf) olyan \u00e1ru \u00e9rt\u00e9kes\u00edt\u00e9se, amely a jelleg\u00e9re tekintettel a k\u00e9zbes\u00edt\u00e9st k\u00f6vet\u0151en elv\u00e1laszthatatlanul m\u00e1s \u00e1ruval keveredhet,<br \/>\ng) alkoholtartalm\u00fa italok \u00e9rt\u00e9kes\u00edt\u00e9se, amelyek \u00e1r\u00e1t a szerz\u0151d\u00e9s megk\u00f6t\u00e9sekor egyezt\u00e9k meg, mik\u00f6zben a k\u00e9zbes\u00edt\u00e9s\u00fck legkor\u00e1bban 30 napot k\u00f6vet\u0151en lehets\u00e9ges, \u00e9s az \u00e1ruk az \u00e1rak piaci mozg\u00e1s\u00e1t\u00f3l f\u00fcgg, amelyet az Elad\u00f3 nem tud befoly\u00e1solni,<br \/>\nh) olyan s\u00fcrg\u0151s jav\u00edt\u00e1sok vagy karbantart\u00e1s elv\u00e9gz\u00e9se, amelyre a fogyaszt\u00f3 kifejezetten megk\u00e9rte az Elad\u00f3t; ez nem \u00e9rv\u00e9nyes a szolg\u00e1ltat\u00e1sokr\u00f3l sz\u00f3l\u00f3 szerz\u0151d\u00e9sek \u00e9s olyan szerz\u0151d\u00e9sek eset\u00e9n, amelyek t\u00e1rgya egy\u00e9b \u00e1ru \u00e9rt\u00e9kes\u00edt\u00e9se, mint a jav\u00edt\u00e1s vagy karbantart\u00e1s elv\u00e9gz\u00e9s\u00e9hez sz\u00fcks\u00e9ges p\u00f3talkatr\u00e9szek, ha azokat az Elad\u00f3 fogyaszt\u00f3n\u00e1l tett l\u00e1togat\u00e1sa sor\u00e1n k\u00f6t\u00f6tt\u00e9k, \u00e9s a fogyaszt\u00f3 ezeket a szolg\u00e1ltat\u00e1sokat vagy \u00e1rukat el\u0151re nem rendelte meg,<br \/>\ni) v\u00e9d\u0151csomagol\u00e1sban \u00e9rt\u00e9kes\u00edtett hangfelv\u00e9telek, k\u00e9pfelv\u00e9telek, hang \u00e9s k\u00e9pfelv\u00e9telek, vagy sz\u00e1m\u00edt\u00f3g\u00e9pes szoftver \u00e9rt\u00e9kes\u00edt\u00e9se, ha a fogyaszt\u00f3 ezt a csomagol\u00e1st kicsomagolta,<br \/>\nj) id\u0151szakos kiadv\u00e1nyok \u00e9rt\u00e9kes\u00edt\u00e9se, kiv\u00e9ve az el\u0151fizet\u00e9sr\u0151l sz\u00f3l\u00f3 meg\u00e1llapod\u00e1s alapj\u00e1n t\u00f6rt\u00e9n\u0151 \u00e9rt\u00e9kes\u00edt\u00e9st \u00e9s nem v\u00e9d\u0151csomagol\u00e1sban t\u00f6rt\u00e9n\u0151 k\u00f6nyv\u00e9rt\u00e9kes\u00edt\u00e9st,<br \/>\nk) sz\u00e1ll\u00e1shely szolg\u00e1ltat\u00e1sok ny\u00fajt\u00e1sa lak\u00e1sc\u00e9lon k\u00edv\u00fcli egy\u00e9b c\u00e9lra, \u00e1rusz\u00e1ll\u00edt\u00e1s, g\u00e9pj\u00e1rm\u0171vek b\u00e9rl\u00e9se, \u00e9tkez\u00e9si szolg\u00e1ltat\u00e1sok ny\u00fajt\u00e1sa vagy szabadid\u0151s tev\u00e9kenys\u00e9gekkel \u00f6sszef\u00fcgg\u0151 szolg\u00e1ltat\u00e1sok ny\u00fajt\u00e1sa \u00e9s amely alapj\u00e1n az Elad\u00f3 v\u00e1llalja, hogy ezeket a szolg\u00e1ltat\u00e1sokat a megegyezett id\u0151ben vagy a megegyezett hat\u00e1rid\u0151ben ny\u00fajtja,<br \/>\nl) nem t\u00e1rgyi adathordoz\u00f3n r\u00f6gz\u00edtett elektronikus tartalom ny\u00fajt\u00e1sa, amelynek ny\u00fajt\u00e1sa a fogyaszt\u00f3 kifejezett hozz\u00e1j\u00e1rul\u00e1s\u00e1val kezd\u0151d\u00f6tt meg, \u00e9s a fogyaszt\u00f3 kijelentette, hogy rendben t\u00e1j\u00e9koztatt\u00e1k arr\u00f3l, hogy ennek a hozz\u00e1j\u00e1rul\u00e1snak a kifejez\u00e9s\u00e9vel elvesz\u00edti a szerz\u0151d\u00e9st\u0151l val\u00f3 el\u00e1ll\u00e1s jog\u00e1t.<br \/>\n15. A szerz\u0151d\u00e9st\u0151l val\u00f3 el\u00e1ll\u00e1s eset\u00e9n az Elad\u00f3 k\u00f6teles a fogyaszt\u00f3nak ugyanolyan m\u00f3don visszaszolg\u00e1ltatni a p\u00e9nzeszk\u00f6z\u00f6ket, mint amilyenben azt a fogyaszt\u00f3t\u00f3l kapta. A p\u00e9nzeszk\u00f6z\u00f6k visszaszolg\u00e1ltat\u00e1si m\u00f3dj\u00e1nak m\u00f3dos\u00edt\u00e1sa csak a fogyaszt\u00f3 hozz\u00e1j\u00e1rul\u00e1s\u00e1val lehets\u00e9ges.<br \/>\n16. Az olyan szerz\u0151d\u00e9st\u0151l val\u00f3 el\u00e1ll\u00e1s eset\u00e9n, amelynek t\u00e1rgy\u00e1t \u00e1ru \u00e9rt\u00e9kes\u00edt\u00e9se k\u00e9pezi, az Elad\u00f3 nem k\u00f6teles a fogyaszt\u00f3nak visszaszolg\u00e1ltatni a kifizet\u00e9seket a T.t. 102\/2014 sz. t\u00f6rv\u00e9ny 9 \u00a7 1 bekezd\u00e9se alapj\u00e1n azel\u0151tt, miel\u0151tt az \u00e1rut r\u00e9sz\u00e9re k\u00e9zbes\u00edtett\u00e9k, vagy am\u00edg a fogyaszt\u00f3 nem igazolja az \u00e1ru visszak\u00fcld\u00e9s\u00e9t az Elad\u00f3nak, hacsak az Elad\u00f3 nem javasolja azt, hogy az \u00e1rut szem\u00e9lyesen, vagy az \u00e1ltala megb\u00edzott szem\u00e9ly \u00e1ltal veszi \u00e1t.<br \/>\n17. Ha a fogyaszt\u00f3 szolg\u00e1ltat\u00e1si szerz\u0151d\u00e9st\u0151l \u00e1ll el, \u00e9s a szolg\u00e1ltat\u00e1sny\u00fajt\u00e1s megkezd\u00e9se el\u0151tt kifejezett hozz\u00e1j\u00e1rul\u00e1s\u00e1t adta a T.t. 102\/2014 sz. t\u00f6rv\u00e9ny 4 \u00a7 6. bekezd\u00e9se szerint, a fogyaszt\u00f3 az Elad\u00f3nak csak az el\u00e1ll\u00e1sr\u00f3l val\u00f3 \u00e9rtes\u00edt\u00e9s k\u00e9zbes\u00edt\u00e9s\u00e9nek napj\u00e1ig t\u00e9nylegesen ny\u00fajtott teljes\u00edt\u00e9s \u00e1r\u00e1t k\u00f6teles megfizetni. A t\u00e9nylegesen ny\u00fajtott teljes\u00edt\u00e9s \u00e1r\u00e1t a szerz\u0151d\u00e9sben megegyezett \u00e1r alapj\u00e1n, ar\u00e1nyosan sz\u00e1m\u00edtj\u00e1k ki. Ha a szerz\u0151d\u00e9sben megegyezett teljes \u00e1r t\u00fal\u00e1razott, a t\u00e9nylegesen ny\u00fajtott teljes\u00edt\u00e9s \u00e1r\u00e1t a ny\u00fajtott szolg\u00e1ltat\u00e1s piaci \u00e1ra alapj\u00e1n sz\u00e1molj\u00e1k ki.<\/p>\n<p>IX. Alternat\u00edv vitarendez\u00e9s<\/p>\n<p>1. Amennyiben a fogyaszt\u00f3 nincs megel\u00e9gedve a m\u00f3ddal, ahogy az Elad\u00f3 a reklam\u00e1ci\u00f3j\u00e1t rendezte \u00e9s \u00fagy v\u00e9li, hogy az Elad\u00f3 megs\u00e9rtette a jogait, az \u00fcgyf\u00e9l jogosult helyesb\u00edt\u00e9s\u00e9rt az Elad\u00f3hoz fordulni. Amennyiben az Elad\u00f3 az \u00fcgyf\u00e9l el\u0151z\u0151 mondat szerinti k\u00e9relm\u00e9re elutas\u00edt\u00f3an v\u00e1laszol, vagy ha az ilyen k\u00e9relm\u00e9re az \u00fcgyf\u00e9l \u00e1ltali felad\u00e1s\u00e1t\u00f3l sz\u00e1m\u00edtott 30 napon bel\u00fcl nem v\u00e1laszol, az \u00fcgyf\u00e9l jogosult alternat\u00edv vitarendez\u00e9si javaslatot tenni a fogyaszt\u00f3i vit\u00e1k alternat\u00edv vitarendez\u00e9s\u00e9r\u0151l \u00e9s egyes t\u00f6rv\u00e9nyek m\u00f3dos\u00edt\u00e1s\u00e1r\u00f3l \u00e9s kieg\u00e9sz\u00edt\u00e9s\u00e9r\u0151l sz\u00f3l\u00f3 T.t. 391\/2015 sz. t\u00f6rv\u00e9ny 12 \u00a7 \u00e9rtelm\u00e9ben. A fogyaszt\u00f3 \u00e9s Elad\u00f3 k\u00f6z\u00f6tti vit\u00e1k alternat\u00edv rendez\u00e9s\u00e9nek illet\u00e9kes szerve a Szlov\u00e1k Kereskedelmi Fel\u00fcgyelet (Slovensk\u00e1 obchodn\u00e1 in\u0161pekcia, az el\u00e9rhet\u0151s\u00e9g\u00e9t ITTtal\u00e1lja), vagy a Szlov\u00e1k K\u00f6zt\u00e1rsas\u00e1g Gazdas\u00e1gi Miniszt\u00e9rium\u00e1n\u00e1l vezetett alternat\u00edv vitarendez\u00e9si jegyz\u00e9kbe bejegyzett illet\u00e9kes jogi szem\u00e9ly (a jegyz\u00e9k a  http:\/\/www.mhsr.sk\/ oldalon, vagy k\u00f6zvetlen\u00fcl ITT \u00e9rhet\u0151 el); a fogyaszt\u00f3nak joga van megv\u00e1lasztani, hogy az alternat\u00edv vitarendez\u00e9sn\u00e9l melyik szervhez fordul. Az \u00fcgyf\u00e9l a fogyaszt\u00f3i jogvita alternat\u00edv vitarendez\u00e9si javaslata beny\u00fajt\u00e1s\u00e1hoz kihaszn\u00e1lhatja az on-line vitarendez\u00e9si platformot, amely az al\u00e1bbi honlapon \u00e9rhet\u0151 el http:\/\/ec.europa.eu\/consumers\/odr\/, vagy k\u00f6zvetlen\u00fcl ITT. Az alternat\u00edv vitarendez\u00e9sr\u0151l sz\u00f3l\u00f3 minden tov\u00e1bbi inform\u00e1ci\u00f3, amely az Elad\u00f3 \u00e9s a Vev\u0151 \u2013 fogyaszt\u00f3 k\u00f6z\u00f6tt az Ad\u00e1sv\u00e9teli szerz\u0151d\u00e9sb\u0151l, mint fogyaszt\u00f3i szerz\u0151d\u00e9sb\u0151l k\u00f6vetkezik, vagy az Ad\u00e1sv\u00e9teli szerz\u0151d\u00e9ssel, mint fogyaszt\u00f3i szerz\u0151d\u00e9ssel \u00f6sszef\u00fcgg, az SZK Gazdas\u00e1gi Miniszt\u00e9rium\u00e1nak www.mhsr.sk honlapj\u00e1n, valamint a fogyaszt\u00f3i vit\u00e1k alternat\u00edv vitarendez\u00e9s\u00e9r\u0151l \u00e9s egyes t\u00f6rv\u00e9nyek m\u00f3dos\u00edt\u00e1s\u00e1r\u00f3l \u00e9s kieg\u00e9sz\u00edt\u00e9s\u00e9r\u0151l sz\u00f3l\u00f3 T.t. 391\/2015 sz. t\u00f6rv\u00e9nyben olvashat\u00f3.<br \/>\nX. Z\u00e1r\u00f3 rendelkez\u00e9sek<br \/>\n1. Az Elad\u00f3 fenntartja mag\u00e1nak a jogot az \u00c1ltal\u00e1nos Szerz\u0151d\u00e9si Felt\u00e9telek m\u00f3dos\u00edt\u00e1s\u00e1ra. Az \u00c1ltal\u00e1nos Szerz\u0151d\u00e9si Felt\u00e9telek m\u00f3dos\u00edt\u00e1s\u00e1r\u00f3l sz\u00f3l\u00f3 \u00edr\u00e1sbeli \u00e9rtes\u00edt\u00e9si k\u00f6telezetts\u00e9g, az Elad\u00f3 web\u00e1ruh\u00e1z\u00e1ban val\u00f3 elhelyez\u00e9s\u00e9vel teljes\u00fcl. Ha az \u00c1ltal\u00e1nos Szerz\u0151d\u00e9si Felt\u00e9telek m\u00f3dos\u00edt\u00e1s\u00e1ra ker\u00fcl sor, a Vev\u0151 \u00e9s a Fogyaszt\u00f3 k\u00f6z\u00f6tti viszonyra az Ad\u00e1sv\u00e9teli szerz\u0151d\u00e9s megk\u00f6t\u00e9se pillanat\u00e1ban \u00e9rv\u00e9nyes \u00e9s hat\u00e1lyos \u00c1ltal\u00e1nos Szerz\u0151d\u00e9si Felt\u00e9telek \u00e9rv\u00e9nyesek, eg\u00e9szen a szerz\u0151d\u00e9s megsz\u0171nt\u00e9ig.<br \/>\n2. Az olyan term\u00e9szetes szem\u00e9lyekkel fenn\u00e1ll\u00f3 jogviszonyokra (valamint egy\u00e9b jogviszonyokra is, amelyek a szerz\u0151d\u00e9ses jogviszonyb\u00f3l k\u00f6vetkezhetnek), akik jelen \u00c1SZF szerint nem a v\u00e1llalkoz\u00f3i tev\u00e9kenys\u00e9g\u00fck keret\u00e9ben j\u00e1rnak el \/fogyaszt\u00f3k\/, a T.gy. 40\/1964 sz. m\u00f3dos\u00edtott Polg\u00e1ri t\u00f6rv\u00e9nyk\u00f6nyv \u00e1ltal\u00e1nos rendelkez\u00e9sein k\u00edv\u00fcl egyedi el\u0151\u00edr\u00e1sok is vonatkoznak, k\u00fcl\u00f6n\u00f6sen a t\u00e1voll\u00e9v\u0151k k\u00f6z\u00f6tt, vagy az Elad\u00f3 \u00fczlethelyis\u00e9g\u00e9n k\u00edv\u00fcl megk\u00f6t\u00f6tt szerz\u0151d\u00e9sen alapul\u00f3 \u00e1ru \u00e9rt\u00e9kes\u00edt\u00e9se vagy szolg\u00e1ltat\u00e1s ny\u00fajt\u00e1sa eset\u00e9n a fogyaszt\u00f3k v\u00e9delm\u00e9r\u0151l sz\u00f3l\u00f3 T.t. 102\/2014 sz. t\u00f6rv\u00e9ny \u00e9s a m\u00f3dos\u00edtott T.t. 250\/2007 sz. fogyaszt\u00f3v\u00e9delmi t\u00f6rv\u00e9ny rendelkez\u00e9sei az ir\u00e1nyad\u00f3k.<br \/>\n3. Ezek az \u00c1ltal\u00e1nos Szerz\u0151d\u00e9si Felt\u00e9telek ezen web\u00e1ruh\u00e1z Reklam\u00e1ci\u00f3s szab\u00e1lyzat\u00e1nak \u00e9s a Szem\u00e9lyes adatok v\u00e9delm\u00e9nek alapelvei \u00e9s t\u00e1j\u00e9koztat\u00e1s\u00e1nak elv\u00e1laszthatatlan r\u00e9sz\u00e9t k\u00e9pezik. A dokumentumok &#8211; a Reklam\u00e1ci\u00f3s szab\u00e1lyzat \u00e9s a Szem\u00e9lyes adatok v\u00e9delm\u00e9nek alapelvei \u00e9s t\u00e1j\u00e9koztat\u00e1s az Elad\u00f3 web\u00e1ruh\u00e1z\u00e1nak dom\u00e9nj\u00e9n vannak k\u00f6zz\u00e9t\u00e9ve.<br \/>\n4. Jelen \u00c1ltal\u00e1nos Szerz\u0151d\u00e9si Felt\u00e9telek az Elad\u00f3 web\u00e1ruh\u00e1z\u00e1ban val\u00f3 k\u00f6zz\u00e9t\u00e9tellel v\u00e1lnak \u00e9rv\u00e9nyess\u00e9 \u00e9s l\u00e9pnek hat\u00e1lyba, 2021.01.05-\u00e1n.<\/p>\n","protected":false},"excerpt":{"rendered":"<p>\u00c1ltal\u00e1nos Szerz\u0151d\u00e9si Felt\u00e9telek a www.turnmytree.com web\u00e1ruh\u00e1zhoz I. Alapvet\u0151 rendelkez\u00e9sek \u00e9s Fogalommeghat\u00e1roz\u00e1sok 1. Jelen \u00c1ltal\u00e1nos Szerz\u0151d\u00e9si Felt\u00e9telek [&hellip;]<\/p>\n","protected":false},"author":1,"featured_media":0,"parent":0,"menu_order":0,"comment_status":"closed","ping_status":"closed","template":"","meta":{"_monsterinsights_skip_tracking":false,"_monsterinsights_sitenote_active":false,"_monsterinsights_sitenote_note":"","_monsterinsights_sitenote_category":0},"yoast_head":"<!-- This site is optimized with the Yoast SEO plugin v19.6 - https:\/\/yoast.com\/wordpress\/plugins\/seo\/ -->\n<title>\u00c1ltal\u00e1nos Szerz\u0151d\u00e9si Felt\u00e9telek - TurnmyTree<\/title>\n<meta name=\"robots\" content=\"index, follow, max-snippet:-1, max-image-preview:large, max-video-preview:-1\" \/>\n<link rel=\"canonical\" href=\"https:\/\/www.turnmytree.com\/hu\/altalanos-szerzodesi-feltetelek\/\" \/>\n<meta property=\"og:locale\" content=\"hu_HU\" \/>\n<meta property=\"og:type\" content=\"article\" \/>\n<meta property=\"og:title\" content=\"\u00c1ltal\u00e1nos Szerz\u0151d\u00e9si Felt\u00e9telek - TurnmyTree\" \/>\n<meta property=\"og:description\" content=\"\u00c1ltal\u00e1nos Szerz\u0151d\u00e9si Felt\u00e9telek a www.turnmytree.com web\u00e1ruh\u00e1zhoz I. Alapvet\u0151 rendelkez\u00e9sek \u00e9s Fogalommeghat\u00e1roz\u00e1sok 1. Jelen \u00c1ltal\u00e1nos Szerz\u0151d\u00e9si Felt\u00e9telek [&hellip;]\" \/>\n<meta property=\"og:url\" content=\"https:\/\/www.turnmytree.com\/hu\/altalanos-szerzodesi-feltetelek\/\" \/>\n<meta property=\"og:site_name\" content=\"TurnmyTree\" \/>\n<meta property=\"article:publisher\" content=\"https:\/\/www.facebook.com\/Turnmytree-106361238213023\/\" \/>\n<meta name=\"twitter:card\" content=\"summary_large_image\" \/>\n<meta name=\"twitter:label1\" content=\"Becs\u00fclt olvas\u00e1si id\u0151\" \/>\n\t<meta name=\"twitter:data1\" content=\"30 perc\" \/>\n<script type=\"application\/ld+json\" class=\"yoast-schema-graph\">{\"@context\":\"https:\/\/schema.org\",\"@graph\":[{\"@type\":\"WebPage\",\"@id\":\"https:\/\/www.turnmytree.com\/hu\/altalanos-szerzodesi-feltetelek\/\",\"url\":\"https:\/\/www.turnmytree.com\/hu\/altalanos-szerzodesi-feltetelek\/\",\"name\":\"\u00c1ltal\u00e1nos Szerz\u0151d\u00e9si Felt\u00e9telek - TurnmyTree\",\"isPartOf\":{\"@id\":\"https:\/\/www.turnmytree.com\/#website\"},\"datePublished\":\"2021-05-28T09:35:47+00:00\",\"dateModified\":\"2021-05-28T09:35:47+00:00\",\"breadcrumb\":{\"@id\":\"https:\/\/www.turnmytree.com\/hu\/altalanos-szerzodesi-feltetelek\/#breadcrumb\"},\"inLanguage\":\"hu\",\"potentialAction\":[{\"@type\":\"ReadAction\",\"target\":[\"https:\/\/www.turnmytree.com\/hu\/altalanos-szerzodesi-feltetelek\/\"]}]},{\"@type\":\"BreadcrumbList\",\"@id\":\"https:\/\/www.turnmytree.com\/hu\/altalanos-szerzodesi-feltetelek\/#breadcrumb\",\"itemListElement\":[{\"@type\":\"ListItem\",\"position\":1,\"name\":\"Home\",\"item\":\"https:\/\/www.turnmytree.com\/hu\/\"},{\"@type\":\"ListItem\",\"position\":2,\"name\":\"\u00c1ltal\u00e1nos Szerz\u0151d\u00e9si Felt\u00e9telek\"}]},{\"@type\":\"WebSite\",\"@id\":\"https:\/\/www.turnmytree.com\/#website\",\"url\":\"https:\/\/www.turnmytree.com\/\",\"name\":\"TurnmyTree\",\"description\":\"Rotating platforms\",\"publisher\":{\"@id\":\"https:\/\/www.turnmytree.com\/#organization\"},\"potentialAction\":[{\"@type\":\"SearchAction\",\"target\":{\"@type\":\"EntryPoint\",\"urlTemplate\":\"https:\/\/www.turnmytree.com\/?s={search_term_string}\"},\"query-input\":\"required name=search_term_string\"}],\"inLanguage\":\"hu\"},{\"@type\":\"Organization\",\"@id\":\"https:\/\/www.turnmytree.com\/#organization\",\"name\":\"TurnmyTree\",\"url\":\"https:\/\/www.turnmytree.com\/\",\"sameAs\":[\"https:\/\/www.instagram.com\/turnmytree\/\",\"https:\/\/www.facebook.com\/Turnmytree-106361238213023\/\"],\"logo\":{\"@type\":\"ImageObject\",\"inLanguage\":\"hu\",\"@id\":\"https:\/\/www.turnmytree.com\/#\/schema\/logo\/image\/\",\"url\":\"https:\/\/www.turnmytree.com\/wp-content\/uploads\/2021\/05\/logo-small-2.png\",\"contentUrl\":\"https:\/\/www.turnmytree.com\/wp-content\/uploads\/2021\/05\/logo-small-2.png\",\"width\":268,\"height\":54,\"caption\":\"TurnmyTree\"},\"image\":{\"@id\":\"https:\/\/www.turnmytree.com\/#\/schema\/logo\/image\/\"}}]}<\/script>\n<!-- \/ Yoast SEO plugin. -->","yoast_head_json":{"title":"\u00c1ltal\u00e1nos Szerz\u0151d\u00e9si Felt\u00e9telek - TurnmyTree","robots":{"index":"index","follow":"follow","max-snippet":"max-snippet:-1","max-image-preview":"max-image-preview:large","max-video-preview":"max-video-preview:-1"},"canonical":"https:\/\/www.turnmytree.com\/hu\/altalanos-szerzodesi-feltetelek\/","og_locale":"hu_HU","og_type":"article","og_title":"\u00c1ltal\u00e1nos Szerz\u0151d\u00e9si Felt\u00e9telek - TurnmyTree","og_description":"\u00c1ltal\u00e1nos Szerz\u0151d\u00e9si Felt\u00e9telek a www.turnmytree.com web\u00e1ruh\u00e1zhoz I. Alapvet\u0151 rendelkez\u00e9sek \u00e9s Fogalommeghat\u00e1roz\u00e1sok 1. Jelen \u00c1ltal\u00e1nos Szerz\u0151d\u00e9si Felt\u00e9telek [&hellip;]","og_url":"https:\/\/www.turnmytree.com\/hu\/altalanos-szerzodesi-feltetelek\/","og_site_name":"TurnmyTree","article_publisher":"https:\/\/www.facebook.com\/Turnmytree-106361238213023\/","twitter_card":"summary_large_image","twitter_misc":{"Becs\u00fclt olvas\u00e1si id\u0151":"30 perc"},"schema":{"@context":"https:\/\/schema.org","@graph":[{"@type":"WebPage","@id":"https:\/\/www.turnmytree.com\/hu\/altalanos-szerzodesi-feltetelek\/","url":"https:\/\/www.turnmytree.com\/hu\/altalanos-szerzodesi-feltetelek\/","name":"\u00c1ltal\u00e1nos Szerz\u0151d\u00e9si Felt\u00e9telek - TurnmyTree","isPartOf":{"@id":"https:\/\/www.turnmytree.com\/#website"},"datePublished":"2021-05-28T09:35:47+00:00","dateModified":"2021-05-28T09:35:47+00:00","breadcrumb":{"@id":"https:\/\/www.turnmytree.com\/hu\/altalanos-szerzodesi-feltetelek\/#breadcrumb"},"inLanguage":"hu","potentialAction":[{"@type":"ReadAction","target":["https:\/\/www.turnmytree.com\/hu\/altalanos-szerzodesi-feltetelek\/"]}]},{"@type":"BreadcrumbList","@id":"https:\/\/www.turnmytree.com\/hu\/altalanos-szerzodesi-feltetelek\/#breadcrumb","itemListElement":[{"@type":"ListItem","position":1,"name":"Home","item":"https:\/\/www.turnmytree.com\/hu\/"},{"@type":"ListItem","position":2,"name":"\u00c1ltal\u00e1nos Szerz\u0151d\u00e9si Felt\u00e9telek"}]},{"@type":"WebSite","@id":"https:\/\/www.turnmytree.com\/#website","url":"https:\/\/www.turnmytree.com\/","name":"TurnmyTree","description":"Rotating platforms","publisher":{"@id":"https:\/\/www.turnmytree.com\/#organization"},"potentialAction":[{"@type":"SearchAction","target":{"@type":"EntryPoint","urlTemplate":"https:\/\/www.turnmytree.com\/?s={search_term_string}"},"query-input":"required name=search_term_string"}],"inLanguage":"hu"},{"@type":"Organization","@id":"https:\/\/www.turnmytree.com\/#organization","name":"TurnmyTree","url":"https:\/\/www.turnmytree.com\/","sameAs":["https:\/\/www.instagram.com\/turnmytree\/","https:\/\/www.facebook.com\/Turnmytree-106361238213023\/"],"logo":{"@type":"ImageObject","inLanguage":"hu","@id":"https:\/\/www.turnmytree.com\/#\/schema\/logo\/image\/","url":"https:\/\/www.turnmytree.com\/wp-content\/uploads\/2021\/05\/logo-small-2.png","contentUrl":"https:\/\/www.turnmytree.com\/wp-content\/uploads\/2021\/05\/logo-small-2.png","width":268,"height":54,"caption":"TurnmyTree"},"image":{"@id":"https:\/\/www.turnmytree.com\/#\/schema\/logo\/image\/"}}]}},"_links":{"self":[{"href":"https:\/\/www.turnmytree.com\/hu\/wp-json\/wp\/v2\/pages\/967"}],"collection":[{"href":"https:\/\/www.turnmytree.com\/hu\/wp-json\/wp\/v2\/pages"}],"about":[{"href":"https:\/\/www.turnmytree.com\/hu\/wp-json\/wp\/v2\/types\/page"}],"author":[{"embeddable":true,"href":"https:\/\/www.turnmytree.com\/hu\/wp-json\/wp\/v2\/users\/1"}],"replies":[{"embeddable":true,"href":"https:\/\/www.turnmytree.com\/hu\/wp-json\/wp\/v2\/comments?post=967"}],"version-history":[{"count":1,"href":"https:\/\/www.turnmytree.com\/hu\/wp-json\/wp\/v2\/pages\/967\/revisions"}],"predecessor-version":[{"id":968,"href":"https:\/\/www.turnmytree.com\/hu\/wp-json\/wp\/v2\/pages\/967\/revisions\/968"}],"wp:attachment":[{"href":"https:\/\/www.turnmytree.com\/hu\/wp-json\/wp\/v2\/media?parent=967"}],"curies":[{"name":"wp","href":"https:\/\/api.w.org\/{rel}","templated":true}]}}